{"version":"1.0","provider_name":"Fonds Ali\u00e9nor","provider_url":"https:\/\/www.fonds-alienor.fr\/en\/","author_name":"Communication CHU","author_url":"https:\/\/www.fonds-alienor.fr\/en\/","title":"Le Cr\u00e9dit social des fonctionnaires soutient le projet sur les tumeurs c\u00e9r\u00e9brales - Fonds Ali\u00e9nor","type":"rich","width":600,"height":338,"html":"<blockquote class=\"wp-embedded-content\" data-secret=\"1tOTj7gVjx\"><a href=\"https:\/\/www.fonds-alienor.fr\/en\/credit-social-fonctionnaires-soutient-projet-tumeurs-cerebrales\/\">Le Cr\u00e9dit social des fonctionnaires soutient  le projet sur les tumeurs c\u00e9r\u00e9brales<\/a><\/blockquote><iframe sandbox=\"allow-scripts\" security=\"restricted\" src=\"https:\/\/www.fonds-alienor.fr\/en\/credit-social-fonctionnaires-soutient-projet-tumeurs-cerebrales\/embed\/#?secret=1tOTj7gVjx\" width=\"600\" height=\"338\" title=\"&#8220;Le Cr\u00e9dit social des fonctionnaires soutient  le projet sur les tumeurs c\u00e9r\u00e9brales&#8221; &#8212; Fonds Ali\u00e9nor\" data-secret=\"1tOTj7gVjx\" frameborder=\"0\" marginwidth=\"0\" marginheight=\"0\" scrolling=\"no\" class=\"wp-embedded-content\"><\/iframe><script type=\"text\/javascript\">\n\/* <![CDATA[ *\/\n\/*! This file is auto-generated *\/\n!function(d,l){\"use strict\";l.querySelector&&d.addEventListener&&\"undefined\"!=typeof URL&&(d.wp=d.wp||{},d.wp.receiveEmbedMessage||(d.wp.receiveEmbedMessage=function(e){var t=e.data;if((t||t.secret||t.message||t.value)&&!\/[^a-zA-Z0-9]\/.test(t.secret)){for(var s,r,n,a=l.querySelectorAll('iframe[data-secret=\"'+t.secret+'\"]'),o=l.querySelectorAll('blockquote[data-secret=\"'+t.secret+'\"]'),c=new RegExp(\"^https?:$\",\"i\"),i=0;i<o.length;i++)o[i].style.display=\"none\";for(i=0;i<a.length;i++)s=a[i],e.source===s.contentWindow&&(s.removeAttribute(\"style\"),\"height\"===t.message?(1e3<(r=parseInt(t.value,10))?r=1e3:~~r<200&&(r=200),s.height=r):\"link\"===t.message&&(r=new URL(s.getAttribute(\"src\")),n=new URL(t.value),c.test(n.protocol))&&n.host===r.host&&l.activeElement===s&&(d.top.location.href=t.value))}},d.addEventListener(\"message\",d.wp.receiveEmbedMessage,!1),l.addEventListener(\"DOMContentLoaded\",function(){for(var e,t,s=l.querySelectorAll(\"iframe.wp-embedded-content\"),r=0;r<s.length;r++)(t=(e=s[r]).getAttribute(\"data-secret\"))||(t=Math.random().toString(36).substring(2,12),e.src+=\"#?secret=\"+t,e.setAttribute(\"data-secret\",t)),e.contentWindow.postMessage({message:\"ready\",secret:t},\"*\")},!1)))}(window,document);\n\/\/# sourceURL=https:\/\/www.fonds-alienor.fr\/wp-includes\/js\/wp-embed.min.js\n\/* ]]> *\/\n<\/script>\n","thumbnail_url":"https:\/\/www.fonds-alienor.fr\/wp-content\/uploads\/2017\/08\/remise-cheque-CSF.jpg","thumbnail_width":800,"thumbnail_height":421,"description":"Le Cr\u00e9dit social des fonctionnaires (CSF) a remis un don de 5 000 euros au fonds Ali\u00e9nor, le vendredi 25 ao\u00fbt, au CHU de Poitiers. Repr\u00e9sent\u00e9 par Christelle Fouin, responsable territoriale, Andr\u00e9 Jacquet, pr\u00e9sident de la commission d\u00e9partementale de la Vienne, Pierre-Jean Becking, directeur de l\u2019agence de Poitiers, et Ang\u00e9lique Mar\u00e9chal-Planchon, conseill\u00e8re d\u2019agence, le CSF [&hellip;]"}