{"id":10120,"date":"2025-06-16T16:14:13","date_gmt":"2025-06-16T14:14:13","guid":{"rendered":"https:\/\/www.fonds-alienor.fr\/?page_id=10120"},"modified":"2026-03-17T16:16:25","modified_gmt":"2026-03-17T15:16:25","slug":"gala-des-sports-2026","status":"publish","type":"page","link":"https:\/\/www.fonds-alienor.fr\/en\/gala-des-sports-2026\/","title":{"rendered":"Gala des sports 2026"},"content":{"rendered":"<div class=\"wpb-content-wrapper\"><p>[vc_row][vc_column][vc_custom_heading text=&#8221;Gala des sports&#8221; font_container=&#8221;tag:h2|text_align:center|color:%23ED2241&#8243; use_theme_fonts=&#8221;yes&#8221; css=&#8221;.vc_custom_1750084000232{margin-top: 20px !important;}&#8221;][vc_column_text css=&#8221;&#8221;]<\/p>\n<h3 style=\"text-align: center;\">Soir\u00e9e caritative au profit du fonds Ali\u00e9nor et de la recherche au CHU de Poitiers<\/h3>\n<p>[\/vc_column_text][vc_single_image image=&#8221;11449&#8243; img_size=&#8221;large&#8221; alignment=&#8221;center&#8221; css=&#8221;&#8221;][vc_row_inner][vc_column_inner width=&#8221;1\/4&#8243;][\/vc_column_inner][vc_column_inner width=&#8221;1\/2&#8243;][vc_column_text css=&#8221;.vc_custom_1773307062839{padding-top: 10px !important;padding-right: 10px !important;padding-bottom: 10px !important;padding-left: 10px !important;background-color: #ED2241 !important;}&#8221;]<\/p>\n<p style=\"text-align: center;\"><span style=\"color: #ffffff;\"><strong>Mercredi 18 novembre 2026 &#8211; 18h30<br \/>\n<\/strong><strong>Arena Futuroscope<br \/>\n<\/strong>Avenue du Futuroscope &#8211; 86360 Chasseneuil-du-Poitou<\/span><\/p>\n<p>[\/vc_column_text][\/vc_column_inner][vc_column_inner width=&#8221;1\/4&#8243;][\/vc_column_inner][\/vc_row_inner][vc_column_text css=&#8221;&#8221;]<\/p>\n<p style=\"text-align: center;\"><strong>Invit\u00e9 d\u2019honneur\u00a0<\/strong><strong>: Fr\u00e9d\u00e9ric WEIS<\/strong>, ancien joueur de basket ball et international fran\u00e7ais, vice-champion olympique 2000<\/p>\n<p>[\/vc_column_text][vc_separator border_width=&#8221;3&#8243; css=&#8221;&#8221;][vc_row_inner content_placement=&#8221;middle&#8221;][vc_column_inner width=&#8221;2\/3&#8243;][vc_column_text css=&#8221;&#8221;]Fort du succ\u00e8s de la premi\u00e8re \u00e9dition en 2025 qui a permis de collecter 35 380 euros pour la recherche m\u00e9dicale au CHU de Poitiers, le\u00a0<strong>Gala des Sports<\/strong>\u00a0r\u00e9unira pour sa <strong>deuxi\u00e8me \u00e9dition<\/strong> six clubs embl\u00e9matiques du sport poitevin\u00a0: les cinq membres fondateurs avec <strong>le Poitiers Basket 86, l\u2019Alterna Stade Poitevin Volley-Ball, la FDJ United-Suez,<\/strong><strong>\u00a0<\/strong><strong>le Stade Poitevin Rugby,<\/strong><strong> le Grand Poitiers Handball 86,<\/strong> sont rejoints cette ann\u00e9e par le<strong> Stade Poitevin Football<\/strong>.<\/p>\n<p>Ensemble, ils s\u2019engagent pour une cause d\u2019int\u00e9r\u00eat g\u00e9n\u00e9ral, le\u00a0<strong>soutien \u00e0 la recherche en sant\u00e9,<\/strong>\u00a0\u00e0 travers l\u2019organisation d\u2019une soir\u00e9e exceptionnelle dont les b\u00e9n\u00e9fices seront int\u00e9gralement revers\u00e9s au\u00a0<strong>fonds Ali\u00e9nor du CHU de Poitiers<\/strong>.<\/p>\n<p>Il s\u2019agit d\u2019un engagement collectif pour un \u00e9v\u00e9nement de solidarit\u00e9 port\u00e9 par les forces sportives et citoyennes du territoire poitevin.<\/p>\n<p>Nous vous invitons \u00e0 participer \u00e0 cette soir\u00e9e exceptionnelle, \u00e0 l\u2019Arena Futuroscope, une occasion unique de rencontrer les sportifs et les chercheurs, de d\u00e9couvrir leurs projets de recherche autour d\u2019un d\u00eener\u00a0gastronomique, dans une ambiance festive et chaleureuse !<\/p>\n<p><strong>R\u00e9servez d\u00e8s maintenant la date du 18 novembre et votre table pour le Gala des Sports 2026.<\/strong>[\/vc_column_text][\/vc_column_inner][vc_column_inner width=&#8221;1\/3&#8243;][vc_single_image image=&#8221;11413&#8243; img_size=&#8221;full&#8221; alignment=&#8221;center&#8221; css=&#8221;&#8221;][\/vc_column_inner][\/vc_row_inner][vc_text_separator title=&#8221;Programme de la soir\u00e9e&#8221; border_width=&#8221;2&#8243; css=&#8221;&#8221;][vc_column_text css=&#8221;&#8221;]18h30 &#8211; Accueil<\/p>\n<p>19h &#8211; Soir\u00e9e anim\u00e9e par Vincent Royet<\/p>\n<ul>\n<li style=\"text-align: left;\">Cocktail de bienvenue<\/li>\n<li style=\"text-align: left;\">D\u00eener prestige signature<\/li>\n<li style=\"text-align: left;\">Pr\u00e9sentation de projets de recherche par six chercheurs du CHU de Poitiers<\/li>\n<li>Invit\u00e9 d\u2019honneur\u00a0: Fr\u00e9d\u00e9ric WEIS, ancien joueur de\u00a0basketball\u00a0et international fran\u00e7ais, vice-champion olympique 2000<\/li>\n<li style=\"text-align: left;\">Vente aux ench\u00e8res<\/li>\n<\/ul>\n<p>[\/vc_column_text][vc_text_separator title=&#8221;R\u00e9servez votre table ou votre couvert&#8221; border_width=&#8221;2&#8243; css=&#8221;&#8221;][vc_row_inner][vc_column_inner width=&#8221;1\/2&#8243;][vc_column_text css=&#8221;&#8221;]<\/p>\n<p style=\"text-align: center;\"><strong>FORMULE \u2013 TABLE entreprise<\/strong><\/p>\n<p style=\"text-align: center;\"><strong>Table de 10 convives<\/strong><br \/>\n2 500 \u20ac<br \/>\nSoit <strong>1 900 \u20ac<\/strong> * apr\u00e8s d\u00e9duction fiscale<br \/>\n<em>* 1 500 \u20ac frais fixes + 1 000 \u20ac dons (soit 1 900 \u20ac apr\u00e8s d\u00e9duction fiscale de 60 %)<\/em><\/p>\n<p>[\/vc_column_text][\/vc_column_inner][vc_column_inner width=&#8221;1\/2&#8243;][vc_column_text css=&#8221;&#8221;]<\/p>\n<p style=\"text-align: center;\"><strong>FORMULE \u2013 DUO particulier<br \/>\n<\/strong><\/p>\n<p style=\"text-align: center;\"><strong>2 convives<\/strong><br \/>\n500 \u20ac<br \/>\nSoit <strong>380 \u20ac*<\/strong> apr\u00e8s d\u00e9duction fiscale<br \/>\n<em>* 300 \u20ac frais fixes + 200 \u20ac dons (soit 380 \u20ac apr\u00e8s d\u00e9duction fiscale de 60 %)<\/em><\/p>\n<p>[\/vc_column_text][\/vc_column_inner][\/vc_row_inner][vc_btn title=&#8221;T\u00e9l\u00e9charger le formulaire de r\u00e9servation&#8221; style=&#8221;flat&#8221; shape=&#8221;square&#8221; color=&#8221;purple&#8221; align=&#8221;center&#8221; css=&#8221;&#8221; link=&#8221;url:https%3A%2F%2Fwww.fonds-alienor.fr%2Fwp-content%2Fuploads%2F2026%2F03%2FReservation-gala-sports-2026-1.pdf|target:_blank&#8221;][vc_column_text css=&#8221;&#8221;]<\/p>\n<p style=\"text-align: center;\">Ou r\u00e9servation via Hello Asso<\/p>\n<p>[\/vc_column_text][vc_btn title=&#8221;R\u00e9servations en ligne&#8221; style=&#8221;flat&#8221; shape=&#8221;square&#8221; color=&#8221;purple&#8221; align=&#8221;center&#8221; css=&#8221;&#8221; link=&#8221;url:https%3A%2F%2Fwww.helloasso.com%2Fassociations%2Ffonds-alienor-chu-de-poitiers%2Fevenements%2Fgala-des-sports-2026|target:_blank&#8221;][vc_column_text css=&#8221;&#8221;]<\/p>\n<p style=\"text-align: center;\">Renseignements \u00a0: St\u00e9phanie Harvier, charg\u00e9e de mission m\u00e9c\u00e9nat<br \/>\n<a href=\"mailto:stephanie.harvier@chu-poitiers.fr\">stephanie.harvier@chu-poitiers.fr<\/a> \/ 05 49 44 42 24\u00a0 &#8211; 07 88 74 58 72<\/p>\n<p>[\/vc_column_text][vc_text_separator title=&#8221;Organisateurs&#8221; border_width=&#8221;2&#8243; css=&#8221;&#8221;][vc_row_inner content_placement=&#8221;middle&#8221;][vc_column_inner width=&#8221;1\/6&#8243;][vc_single_image image=&#8221;10648&#8243; img_size=&#8221;large&#8221; alignment=&#8221;center&#8221; onclick=&#8221;custom_link&#8221; img_link_target=&#8221;_blank&#8221; css=&#8221;.vc_custom_1757494123365{margin-bottom: 5px !important;border-bottom-width: 0px !important;padding-bottom: 0px !important;}&#8221; link=&#8221;https:\/\/www.pb86.fr\/&#8221;][\/vc_column_inner][vc_column_inner width=&#8221;1\/6&#8243;][vc_single_image image=&#8221;10180&#8243; img_size=&#8221;large&#8221; alignment=&#8221;center&#8221; onclick=&#8221;custom_link&#8221; img_link_target=&#8221;_blank&#8221; css=&#8221;.vc_custom_1750082806857{margin-bottom: 5px !important;border-bottom-width: 0px !important;padding-bottom: 0px !important;}&#8221; link=&#8221;http:\/\/www.alternaspvb.fr\/&#8221;][\/vc_column_inner][vc_column_inner width=&#8221;1\/6&#8243;][vc_single_image image=&#8221;11434&#8243; img_size=&#8221;large&#8221; alignment=&#8221;center&#8221; onclick=&#8221;custom_link&#8221; img_link_target=&#8221;_blank&#8221; css=&#8221;.vc_custom_1773675152187{margin-bottom: 5px !important;border-bottom-width: 0px !important;padding-bottom: 0px !important;}&#8221; link=&#8221;https:\/\/www.fdj-suez.fr\/&#8221;][\/vc_column_inner][vc_column_inner width=&#8221;1\/6&#8243;][vc_single_image image=&#8221;10186&#8243; img_size=&#8221;large&#8221; alignment=&#8221;center&#8221; onclick=&#8221;custom_link&#8221; img_link_target=&#8221;_blank&#8221; css=&#8221;.vc_custom_1750082918667{margin-bottom: 5px !important;border-bottom-width: 0px !important;padding-bottom: 0px !important;}&#8221; link=&#8221;https:\/\/stadepoitevinrugby.ffr.fr\/&#8221;][\/vc_column_inner][vc_column_inner width=&#8221;1\/6&#8243;][vc_single_image image=&#8221;10192&#8243; img_size=&#8221;large&#8221; alignment=&#8221;center&#8221; onclick=&#8221;custom_link&#8221; img_link_target=&#8221;_blank&#8221; css=&#8221;.vc_custom_1750082867086{margin-bottom: 5px !important;border-bottom-width: 0px !important;padding-bottom: 0px !important;}&#8221; link=&#8221;https:\/\/www.grandpoitiershandball86.com\/&#8221;][\/vc_column_inner][vc_column_inner width=&#8221;1\/6&#8243;][vc_single_image image=&#8221;11389&#8243; img_size=&#8221;large&#8221; alignment=&#8221;center&#8221; onclick=&#8221;custom_link&#8221; img_link_target=&#8221;_blank&#8221; css=&#8221;.vc_custom_1773675476466{margin-bottom: 5px !important;border-bottom-width: 0px !important;padding-bottom: 0px !important;}&#8221; link=&#8221;https:\/\/stadepoitevinfc.com\/&#8221;][\/vc_column_inner][\/vc_row_inner][vc_row_inner][vc_column_inner width=&#8221;1\/6&#8243;][vc_column_text css=&#8221;&#8221;]<\/p>\n<p style=\"text-align: center;\"><strong>Poitiers Basket 86<\/strong><\/p>\n<p>[\/vc_column_text][\/vc_column_inner][vc_column_inner width=&#8221;1\/6&#8243;][vc_column_text css=&#8221;&#8221;]<\/p>\n<p style=\"text-align: center;\"><strong>Alterna Stade Poitevin Volley Ball<\/strong><\/p>\n<p>[\/vc_column_text][\/vc_column_inner][vc_column_inner width=&#8221;1\/6&#8243;][vc_column_text css=&#8221;&#8221;]<\/p>\n<p style=\"text-align: center;\"><strong>FDJ United-Suez<br \/>\n<\/strong><\/p>\n<p>[\/vc_column_text][\/vc_column_inner][vc_column_inner width=&#8221;1\/6&#8243;][vc_column_text css=&#8221;&#8221;]<\/p>\n<p style=\"text-align: center;\"><strong>Stade Poitevin Rugby\u00a0<\/strong><\/p>\n<p>[\/vc_column_text][\/vc_column_inner][vc_column_inner width=&#8221;1\/6&#8243;][vc_column_text css=&#8221;&#8221;]<\/p>\n<p style=\"text-align: center;\"><strong>Grand Poitiers Handball 86<\/strong><\/p>\n<p>[\/vc_column_text][\/vc_column_inner][vc_column_inner width=&#8221;1\/6&#8243;][vc_column_text css=&#8221;&#8221;]<\/p>\n<p style=\"text-align: center;\"><strong>Stade Poitevin Football<\/strong><\/p>\n<p>[\/vc_column_text][\/vc_column_inner][\/vc_row_inner][vc_text_separator title=&#8221;6 projets de recherche soutenus&#8221; border_width=&#8221;2&#8243; css=&#8221;&#8221;][vc_column_text css=&#8221;&#8221;]<strong>Alterna Stade Poitevin Volley Ball <\/strong>soutiendra le <strong>Dr Maxime PICHON<\/strong>,\u00a0, microbiologiste-bact\u00e9riologiste, et son \u00e9tude clinique de <a href=\"https:\/\/www.fonds-alienor.fr\/wpd-projects\/comprendre-resistance-bacteries\/\">la r\u00e9sistance aux antibiotiques de bact\u00e9ries pathog\u00e8nes pour augmenter l\u2019efficacit\u00e9 de nouvelles associations th\u00e9rapeutiques.\u00a0<\/a><\/p>\n<p><strong>Grand Poitiers Handball<\/strong> soutiendra le <strong>Dr Camille EVRARD<\/strong>,\u00a0oncologue, et ses travaux pour <a href=\"https:\/\/www.fonds-alienor.fr\/wpd-projects\/dr-camille-evrard-cancerologie-traitements-du-cancer-du-pancras\/\">am\u00e9liorer les traitements du cancer du pancr\u00e9as gr\u00e2ce \u00e0 l\u2019analyse des donn\u00e9es patients.<\/a><\/p>\n<p><strong>Poitiers Basket 86 <\/strong>soutiendra le<strong> Dr Adrien JULIAN<\/strong>, neurologue,et ses travaux sur <a href=\"https:\/\/www.fonds-alienor.fr\/wpd-projects\/evaluation-evolution-autonomie-alzheimer\/\">l\u2019\u00e9valuation de l\u2019autonomie des patients atteints de la maladie d\u2019Alzheimer gr\u00e2ce \u00e0 l\u2019analyse des donn\u00e9es d\u2019utilisation d\u2019un smartphone.<\/a><\/p>\n<p><strong>FDJ United-Suez<\/strong> soutiendra le <strong>Pr Xavier DROUOT<\/strong>,\u00a0neurophysiologiste, et son \u00e9tude pour <a href=\"https:\/\/www.fonds-alienor.fr\/wpd-projects\/pr-xavier-drouot-reanimation-amliorer-le-sommeil-en-ranimation\/\">am\u00e9liorer le sommeil des patients en r\u00e9animation et favoriser la r\u00e9cup\u00e9ration pour un meilleur pronostic.\u00a0<\/a><\/p>\n<p><strong>Stade Poitevin Rugby<\/strong> soutiendra <strong>Am\u00e9lie PETIT<\/strong>, infirmi\u00e8re, et son \u00e9tude\u00a0<a href=\"https:\/\/www.fonds-alienor.fr\/wpd-projects\/impact-de-la-realite-virtuelle-sur-la-douleur-du-patient-lors-dune-revascularisation-des-membres-inferieurs-par-chirurgie-endovasculaire-sous-anesthesie-locale-avec-sedation\/\">sur l\u2019impact de la r\u00e9alit\u00e9 virtuelle sur la douleur du patient lors d\u2019une revascularisation des membres inf\u00e9rieurs par chirurgie endovasculaire sous anesth\u00e9sie locale avec s\u00e9dation.<\/a><\/p>\n<p><strong>Stade Poitevin Football<\/strong> soutiendra le <strong>Pr Pierre-Jean SAULNIER<\/strong>, responsable du centre d\u2019investigation clinique, et ses travaux sur <a href=\"https:\/\/www.fonds-alienor.fr\/wpd-projects\/proteomique-appliquee-pour-comprendre-la-nephropathie\/\">les causes de maladie r\u00e9nale chez les adultes et les enfants atteints de diab\u00e8te.<\/a>[\/vc_column_text][\/vc_column][\/vc_row]<\/p>\n<\/div>","protected":false},"excerpt":{"rendered":"<p>[vc_row][vc_column][vc_custom_heading text=&#8221;Gala des sports&#8221; font_container=&#8221;tag:h2|text_align:center|color:%23ED2241&#8243; use_theme_fonts=&#8221;yes&#8221; css=&#8221;.vc_custom_1750084000232{margin-top: 20px !important;}&#8221;][vc_column_text css=&#8221;&#8221;] Soir\u00e9e caritative au profit du fonds Ali\u00e9nor et de la recherche au CHU de Poitiers [\/vc_column_text][vc_single_image image=&#8221;11449&#8243; img_size=&#8221;large&#8221; alignment=&#8221;center&#8221; css=&#8221;&#8221;][vc_row_inner][vc_column_inner width=&#8221;1\/4&#8243;][\/vc_column_inner][vc_column_inner width=&#8221;1\/2&#8243;][vc_column_text css=&#8221;.vc_custom_1773307062839{padding-top: 10px !important;padding-right: 10px !important;padding-bottom: 10px !important;padding-left: 10px !important;background-color: #ED2241 !important;}&#8221;] Mercredi 18 novembre 2026 &#8211; 18h30 Arena Futuroscope Avenue du Futuroscope &#8211; [&hellip;]<\/p>\n","protected":false},"author":13,"featured_media":0,"parent":0,"menu_order":0,"comment_status":"closed","ping_status":"closed","template":"","meta":{"footnotes":""},"class_list":["post-10120","page","type-page","status-publish","hentry"],"yoast_head":"<!-- This site is optimized with the Yoast SEO plugin v27.3 - https:\/\/yoast.com\/product\/yoast-seo-wordpress\/ -->\n<title>Gala des sports 2026 - Fonds Ali\u00e9nor<\/title>\n<meta name=\"robots\" content=\"index, follow, max-snippet:-1, max-image-preview:large, max-video-preview:-1\" \/>\n<link rel=\"canonical\" href=\"https:\/\/www.fonds-alienor.fr\/gala-des-sports-2026\/\" \/>\n<meta property=\"og:locale\" content=\"en_US\" \/>\n<meta property=\"og:type\" content=\"article\" \/>\n<meta property=\"og:title\" content=\"Gala des sports 2026 - Fonds Ali\u00e9nor\" \/>\n<meta property=\"og:description\" content=\"[vc_row][vc_column][vc_custom_heading text=&#8221;Gala des sports&#8221; font_container=&#8221;tag:h2|text_align:center|color:%23ED2241&#8243; use_theme_fonts=&#8221;yes&#8221; css=&#8221;.vc_custom_1750084000232{margin-top: 20px !important;}&#8221;][vc_column_text css=&#8221;&#8221;] Soir\u00e9e caritative au profit du fonds Ali\u00e9nor et de la recherche au CHU de Poitiers [\/vc_column_text][vc_single_image image=&#8221;11449&#8243; img_size=&#8221;large&#8221; alignment=&#8221;center&#8221; css=&#8221;&#8221;][vc_row_inner][vc_column_inner width=&#8221;1\/4&#8243;][\/vc_column_inner][vc_column_inner width=&#8221;1\/2&#8243;][vc_column_text css=&#8221;.vc_custom_1773307062839{padding-top: 10px !important;padding-right: 10px !important;padding-bottom: 10px !important;padding-left: 10px !important;background-color: #ED2241 !important;}&#8221;] Mercredi 18 novembre 2026 &#8211; 18h30 Arena Futuroscope Avenue du Futuroscope &#8211; [&hellip;]\" \/>\n<meta property=\"og:url\" content=\"https:\/\/www.fonds-alienor.fr\/gala-des-sports-2026\/\" \/>\n<meta property=\"og:site_name\" content=\"Fonds Ali\u00e9nor\" \/>\n<meta property=\"article:publisher\" content=\"https:\/\/www.facebook.com\/chudepoitiers\" \/>\n<meta property=\"article:modified_time\" content=\"2026-03-17T15:16:25+00:00\" \/>\n<meta name=\"twitter:card\" content=\"summary_large_image\" \/>\n<meta name=\"twitter:site\" content=\"@CHU_de_Poitiers\" \/>\n<meta name=\"twitter:label1\" content=\"Est. reading time\" \/>\n\t<meta name=\"twitter:data1\" content=\"6 minutes\" \/>\n<script type=\"application\/ld+json\" class=\"yoast-schema-graph\">{\"@context\":\"https:\\\/\\\/schema.org\",\"@graph\":[{\"@type\":\"WebPage\",\"@id\":\"https:\\\/\\\/www.fonds-alienor.fr\\\/gala-des-sports-2026\\\/\",\"url\":\"https:\\\/\\\/www.fonds-alienor.fr\\\/gala-des-sports-2026\\\/\",\"name\":\"Gala des sports 2026 - Fonds Ali\u00e9nor\",\"isPartOf\":{\"@id\":\"https:\\\/\\\/www.fonds-alienor.fr\\\/en\\\/#website\"},\"datePublished\":\"2025-06-16T14:14:13+00:00\",\"dateModified\":\"2026-03-17T15:16:25+00:00\",\"breadcrumb\":{\"@id\":\"https:\\\/\\\/www.fonds-alienor.fr\\\/gala-des-sports-2026\\\/#breadcrumb\"},\"inLanguage\":\"en-US\",\"potentialAction\":[{\"@type\":\"ReadAction\",\"target\":[\"https:\\\/\\\/www.fonds-alienor.fr\\\/gala-des-sports-2026\\\/\"]}]},{\"@type\":\"BreadcrumbList\",\"@id\":\"https:\\\/\\\/www.fonds-alienor.fr\\\/gala-des-sports-2026\\\/#breadcrumb\",\"itemListElement\":[{\"@type\":\"ListItem\",\"position\":1,\"name\":\"Accueil\",\"item\":\"https:\\\/\\\/www.fonds-alienor.fr\\\/en\\\/\"},{\"@type\":\"ListItem\",\"position\":2,\"name\":\"Gala des sports 2026\"}]},{\"@type\":\"WebSite\",\"@id\":\"https:\\\/\\\/www.fonds-alienor.fr\\\/en\\\/#website\",\"url\":\"https:\\\/\\\/www.fonds-alienor.fr\\\/en\\\/\",\"name\":\"Fonds Ali\u00e9nor\",\"description\":\"Emmenons la recherche m\u00e9dicale\",\"publisher\":{\"@id\":\"https:\\\/\\\/www.fonds-alienor.fr\\\/en\\\/#organization\"},\"potentialAction\":[{\"@type\":\"SearchAction\",\"target\":{\"@type\":\"EntryPoint\",\"urlTemplate\":\"https:\\\/\\\/www.fonds-alienor.fr\\\/en\\\/?s={search_term_string}\"},\"query-input\":{\"@type\":\"PropertyValueSpecification\",\"valueRequired\":true,\"valueName\":\"search_term_string\"}}],\"inLanguage\":\"en-US\"},{\"@type\":\"Organization\",\"@id\":\"https:\\\/\\\/www.fonds-alienor.fr\\\/en\\\/#organization\",\"name\":\"Fonds Ali\u00e9nor du CHU de Poitiers\",\"url\":\"https:\\\/\\\/www.fonds-alienor.fr\\\/en\\\/\",\"logo\":{\"@type\":\"ImageObject\",\"inLanguage\":\"en-US\",\"@id\":\"https:\\\/\\\/www.fonds-alienor.fr\\\/en\\\/#\\\/schema\\\/logo\\\/image\\\/\",\"url\":\"https:\\\/\\\/www.fonds-alienor.fr\\\/wp-content\\\/uploads\\\/2025\\\/10\\\/logo_114px.png\",\"contentUrl\":\"https:\\\/\\\/www.fonds-alienor.fr\\\/wp-content\\\/uploads\\\/2025\\\/10\\\/logo_114px.png\",\"width\":114,\"height\":114,\"caption\":\"Fonds Ali\u00e9nor du CHU de Poitiers\"},\"image\":{\"@id\":\"https:\\\/\\\/www.fonds-alienor.fr\\\/en\\\/#\\\/schema\\\/logo\\\/image\\\/\"},\"sameAs\":[\"https:\\\/\\\/www.facebook.com\\\/chudepoitiers\",\"https:\\\/\\\/x.com\\\/CHU_de_Poitiers\",\"https:\\\/\\\/www.linkedin.com\\\/company\\\/chu-poitiers?trk=company_logo\",\"https:\\\/\\\/www.youtube.com\\\/channel\\\/UCPpTSqyLsR5a-hXJA7zZ6cA\"]}]}<\/script>\n<!-- \/ Yoast SEO plugin. -->","yoast_head_json":{"title":"Gala des sports 2026 - Fonds Ali\u00e9nor","robots":{"index":"index","follow":"follow","max-snippet":"max-snippet:-1","max-image-preview":"max-image-preview:large","max-video-preview":"max-video-preview:-1"},"canonical":"https:\/\/www.fonds-alienor.fr\/gala-des-sports-2026\/","og_locale":"en_US","og_type":"article","og_title":"Gala des sports 2026 - Fonds Ali\u00e9nor","og_description":"[vc_row][vc_column][vc_custom_heading text=&#8221;Gala des sports&#8221; font_container=&#8221;tag:h2|text_align:center|color:%23ED2241&#8243; use_theme_fonts=&#8221;yes&#8221; css=&#8221;.vc_custom_1750084000232{margin-top: 20px !important;}&#8221;][vc_column_text css=&#8221;&#8221;] Soir\u00e9e caritative au profit du fonds Ali\u00e9nor et de la recherche au CHU de Poitiers [\/vc_column_text][vc_single_image image=&#8221;11449&#8243; img_size=&#8221;large&#8221; alignment=&#8221;center&#8221; css=&#8221;&#8221;][vc_row_inner][vc_column_inner width=&#8221;1\/4&#8243;][\/vc_column_inner][vc_column_inner width=&#8221;1\/2&#8243;][vc_column_text css=&#8221;.vc_custom_1773307062839{padding-top: 10px !important;padding-right: 10px !important;padding-bottom: 10px !important;padding-left: 10px !important;background-color: #ED2241 !important;}&#8221;] Mercredi 18 novembre 2026 &#8211; 18h30 Arena Futuroscope Avenue du Futuroscope &#8211; [&hellip;]","og_url":"https:\/\/www.fonds-alienor.fr\/gala-des-sports-2026\/","og_site_name":"Fonds Ali\u00e9nor","article_publisher":"https:\/\/www.facebook.com\/chudepoitiers","article_modified_time":"2026-03-17T15:16:25+00:00","twitter_card":"summary_large_image","twitter_site":"@CHU_de_Poitiers","twitter_misc":{"Est. reading time":"6 minutes"},"schema":{"@context":"https:\/\/schema.org","@graph":[{"@type":"WebPage","@id":"https:\/\/www.fonds-alienor.fr\/gala-des-sports-2026\/","url":"https:\/\/www.fonds-alienor.fr\/gala-des-sports-2026\/","name":"Gala des sports 2026 - Fonds Ali\u00e9nor","isPartOf":{"@id":"https:\/\/www.fonds-alienor.fr\/en\/#website"},"datePublished":"2025-06-16T14:14:13+00:00","dateModified":"2026-03-17T15:16:25+00:00","breadcrumb":{"@id":"https:\/\/www.fonds-alienor.fr\/gala-des-sports-2026\/#breadcrumb"},"inLanguage":"en-US","potentialAction":[{"@type":"ReadAction","target":["https:\/\/www.fonds-alienor.fr\/gala-des-sports-2026\/"]}]},{"@type":"BreadcrumbList","@id":"https:\/\/www.fonds-alienor.fr\/gala-des-sports-2026\/#breadcrumb","itemListElement":[{"@type":"ListItem","position":1,"name":"Accueil","item":"https:\/\/www.fonds-alienor.fr\/en\/"},{"@type":"ListItem","position":2,"name":"Gala des sports 2026"}]},{"@type":"WebSite","@id":"https:\/\/www.fonds-alienor.fr\/en\/#website","url":"https:\/\/www.fonds-alienor.fr\/en\/","name":"Fonds Ali\u00e9nor","description":"Emmenons la recherche m\u00e9dicale","publisher":{"@id":"https:\/\/www.fonds-alienor.fr\/en\/#organization"},"potentialAction":[{"@type":"SearchAction","target":{"@type":"EntryPoint","urlTemplate":"https:\/\/www.fonds-alienor.fr\/en\/?s={search_term_string}"},"query-input":{"@type":"PropertyValueSpecification","valueRequired":true,"valueName":"search_term_string"}}],"inLanguage":"en-US"},{"@type":"Organization","@id":"https:\/\/www.fonds-alienor.fr\/en\/#organization","name":"Fonds Ali\u00e9nor du CHU de Poitiers","url":"https:\/\/www.fonds-alienor.fr\/en\/","logo":{"@type":"ImageObject","inLanguage":"en-US","@id":"https:\/\/www.fonds-alienor.fr\/en\/#\/schema\/logo\/image\/","url":"https:\/\/www.fonds-alienor.fr\/wp-content\/uploads\/2025\/10\/logo_114px.png","contentUrl":"https:\/\/www.fonds-alienor.fr\/wp-content\/uploads\/2025\/10\/logo_114px.png","width":114,"height":114,"caption":"Fonds Ali\u00e9nor du CHU de Poitiers"},"image":{"@id":"https:\/\/www.fonds-alienor.fr\/en\/#\/schema\/logo\/image\/"},"sameAs":["https:\/\/www.facebook.com\/chudepoitiers","https:\/\/x.com\/CHU_de_Poitiers","https:\/\/www.linkedin.com\/company\/chu-poitiers?trk=company_logo","https:\/\/www.youtube.com\/channel\/UCPpTSqyLsR5a-hXJA7zZ6cA"]}]}},"_links":{"self":[{"href":"https:\/\/www.fonds-alienor.fr\/en\/wp-json\/wp\/v2\/pages\/10120","targetHints":{"allow":["GET"]}}],"collection":[{"href":"https:\/\/www.fonds-alienor.fr\/en\/wp-json\/wp\/v2\/pages"}],"about":[{"href":"https:\/\/www.fonds-alienor.fr\/en\/wp-json\/wp\/v2\/types\/page"}],"author":[{"embeddable":true,"href":"https:\/\/www.fonds-alienor.fr\/en\/wp-json\/wp\/v2\/users\/13"}],"replies":[{"embeddable":true,"href":"https:\/\/www.fonds-alienor.fr\/en\/wp-json\/wp\/v2\/comments?post=10120"}],"version-history":[{"count":39,"href":"https:\/\/www.fonds-alienor.fr\/en\/wp-json\/wp\/v2\/pages\/10120\/revisions"}],"predecessor-version":[{"id":11455,"href":"https:\/\/www.fonds-alienor.fr\/en\/wp-json\/wp\/v2\/pages\/10120\/revisions\/11455"}],"wp:attachment":[{"href":"https:\/\/www.fonds-alienor.fr\/en\/wp-json\/wp\/v2\/media?parent=10120"}],"curies":[{"name":"wp","href":"https:\/\/api.w.org\/{rel}","templated":true}]}}