{"id":2630,"date":"2016-09-13T14:11:53","date_gmt":"2016-09-13T12:11:53","guid":{"rendered":"http:\/\/localhost\/fond-alienor\/nos-chercheurs\/"},"modified":"2021-08-23T11:55:40","modified_gmt":"2021-08-23T09:55:40","slug":"nos-chercheurs","status":"publish","type":"page","link":"https:\/\/www.fonds-alienor.fr\/en\/nos-chercheurs\/","title":{"rendered":"Our researchers"},"content":{"rendered":"<div class=\"wpb-content-wrapper\"><p>[vc_row][vc_column][vc_empty_space height=&#8221;22px&#8221;][vc_custom_heading text=&#8221;Our researchers&#8221; font_container=&#8221;tag:h3|text_align:center|color:%23ed1941&#8243; google_fonts=&#8221;font_family:Lato%3A100%2C100italic%2C300%2C300italic%2Cregular%2Citalic%2C700%2C700italic%2C900%2C900italic|font_style:400%20regular%3A400%3Anormal&#8221;][\/vc_column][\/vc_row][vc_row gap=&#8221;5&#8243;][vc_column width=&#8221;1\/2&#8243;][vc_custom_heading text=&#8221;Dr Matthieu Egloff&#8221; font_container=&#8221;tag:h3|font_size:16%20px|text_align:center|color:%23687884&#8243; google_fonts=&#8221;font_family:Lato%3A100%2C100italic%2C300%2C300italic%2Cregular%2Citalic%2C700%2C700italic%2C900%2C900italic|font_style:400%20italic%3A400%3Aitalic&#8221;][vc_row_inner content_placement=&#8221;middle&#8221;][vc_column_inner width=&#8221;1\/2&#8243;][vc_single_image image=&#8221;4651&#8243; img_size=&#8221;large&#8221; alignment=&#8221;center&#8221;][\/vc_column_inner][vc_column_inner width=&#8221;1\/2&#8243;][vc_column_text]Le Dr Matthieu Egloff est biologiste en g\u00e9n\u00e9tique au CHU de Poitiers.[\/vc_column_text][\/vc_column_inner][\/vc_row_inner][\/vc_column][vc_column width=&#8221;1\/2&#8243;][vc_custom_heading text=&#8221;Dr Adrien Julian&#8221; font_container=&#8221;tag:h3|font_size:16%20px|text_align:center|color:%23687884&#8243; google_fonts=&#8221;font_family:Lato%3A100%2C100italic%2C300%2C300italic%2Cregular%2Citalic%2C700%2C700italic%2C900%2C900italic|font_style:400%20italic%3A400%3Aitalic&#8221;][vc_row_inner content_placement=&#8221;middle&#8221;][vc_column_inner width=&#8221;1\/2&#8243;][vc_column_text]Le Dr Adrien Julian est neurologue en neurologie au CHU de Poitiers.[\/vc_column_text][\/vc_column_inner][vc_column_inner width=&#8221;1\/2&#8243;][vc_single_image image=&#8221;4561&#8243; img_size=&#8221;large&#8221; alignment=&#8221;center&#8221;][\/vc_column_inner][\/vc_row_inner][\/vc_column][\/vc_row][vc_row gap=&#8221;5&#8243;][vc_column width=&#8221;1\/2&#8243;][vc_column_text]Il porte le projet concernant <a href=\"https:\/\/www.fonds-alienor.fr\/wpd-projects\/etude-marqueurs-epigenetiques-autisme\/\">les marqueurs \u00e9pig\u00e9n\u00e9tiques pour d\u00e9celer l&#8217;autisme.<\/a>[\/vc_column_text][\/vc_column][vc_column width=&#8221;1\/2&#8243;][vc_column_text]Il porte le projet sur<a href=\"https:\/\/www.fonds-alienor.fr\/wpd-projects\/evaluation-evolution-autonomie-alzheimer\/\"> l&#8217;\u00e9valuation des patients atteints d&#8217;Alzheimer gr\u00e2ce aux smartphones.<\/a>[\/vc_column_text][\/vc_column][\/vc_row][vc_row gap=&#8221;5&#8243;][vc_column width=&#8221;1\/2&#8243;][vc_btn title=&#8221;Je le soutiens&#8221; style=&#8221;flat&#8221; shape=&#8221;square&#8221; color=&#8221;purple&#8221; align=&#8221;center&#8221; link=&#8221;url:http%3A%2F%2Fwww.fonds-alienor.fr%2Ffaire-un-don%2F%3Fprojet_id%3D4636|title:Je%20donne%20pour%20ce%20projet|target:%20_blank|&#8221;][\/vc_column][vc_column width=&#8221;1\/2&#8243;][vc_btn title=&#8221;Je le soutiens&#8221; style=&#8221;flat&#8221; shape=&#8221;square&#8221; color=&#8221;purple&#8221; align=&#8221;center&#8221; link=&#8221;url:http%3A%2F%2Fwww.fonds-alienor.fr%2Ffaire-un-don%2F%3Fprojet_id%3D4579|title:Je%20donne%20pour%20ce%20projet|target:%20_blank|&#8221;][\/vc_column][\/vc_row][vc_row][vc_column][vc_separator border_width=&#8221;3&#8243;][\/vc_column][\/vc_row][vc_row gap=&#8221;5&#8243;][vc_column width=&#8221;1\/2&#8243;][vc_custom_heading text=&#8221;Dr Maxime Pichon&#8221; font_container=&#8221;tag:h3|font_size:16%20px|text_align:center|color:%23687884&#8243; google_fonts=&#8221;font_family:Lato%3A100%2C100italic%2C300%2C300italic%2Cregular%2Citalic%2C700%2C700italic%2C900%2C900italic|font_style:400%20italic%3A400%3Aitalic&#8221;][vc_row_inner content_placement=&#8221;middle&#8221;][vc_column_inner width=&#8221;1\/2&#8243;][vc_single_image image=&#8221;4591&#8243; img_size=&#8221;full&#8221; alignment=&#8221;center&#8221;][\/vc_column_inner][vc_column_inner width=&#8221;1\/2&#8243;][vc_column_text]Le Dr Maxime Pichon est microbiologiste au laboratoire de bact\u00e9riologie du CHU de Poitiers.[\/vc_column_text][\/vc_column_inner][\/vc_row_inner][\/vc_column][vc_column width=&#8221;1\/2&#8243;][vc_custom_heading text=&#8221;Dr Marie Masson-Regnault&#8221; font_container=&#8221;tag:h3|font_size:16%20px|text_align:center|color:%23687884&#8243; google_fonts=&#8221;font_family:Lato%3A100%2C100italic%2C300%2C300italic%2Cregular%2Citalic%2C700%2C700italic%2C900%2C900italic|font_style:400%20italic%3A400%3Aitalic&#8221;][vc_row_inner content_placement=&#8221;middle&#8221;][vc_column_inner width=&#8221;1\/2&#8243;][vc_column_text]Le Dr Marie Masson-Regnault est dermatologue au CHU de Poitiers.[\/vc_column_text][\/vc_column_inner][vc_column_inner width=&#8221;1\/2&#8243;][vc_single_image image=&#8221;4612&#8243; img_size=&#8221;full&#8221; alignment=&#8221;center&#8221;][\/vc_column_inner][\/vc_row_inner][\/vc_column][\/vc_row][vc_row gap=&#8221;5&#8243;][vc_column width=&#8221;1\/2&#8243;][vc_column_text]Il porte le projet concernant <a href=\"https:\/\/www.fonds-alienor.fr\/wpd-projects\/comprendre-resistance-bacteries\/\">la r\u00e9sistance aux antibiotiques des bact\u00e9ries pathog\u00e8nes.<\/a>[\/vc_column_text][\/vc_column][vc_column width=&#8221;1\/2&#8243;][vc_column_text]Elle porte le projet sur <a href=\"https:\/\/www.fonds-alienor.fr\/wpd-projects\/maladies-dermatologiques-rares\/\">les m\u00e9canismes des maladies dermatologiques rares.<\/a>[\/vc_column_text][\/vc_column][\/vc_row][vc_row gap=&#8221;5&#8243;][vc_column width=&#8221;1\/2&#8243;][vc_btn title=&#8221;Je le soutiens&#8221; style=&#8221;flat&#8221; shape=&#8221;square&#8221; color=&#8221;purple&#8221; align=&#8221;center&#8221; link=&#8221;url:http%3A%2F%2Fwww.fonds-alienor.fr%2Ffaire-un-don%2F%3Fprojet_id%3D4540|title:Je%20donne%20pour%20ce%20projet|target:%20_blank|&#8221;][\/vc_column][vc_column width=&#8221;1\/2&#8243;][vc_btn title=&#8221;Je la soutiens&#8221; style=&#8221;flat&#8221; shape=&#8221;square&#8221; color=&#8221;purple&#8221; align=&#8221;center&#8221; link=&#8221;url:http%3A%2F%2Fwww.fonds-alienor.fr%2Ffaire-un-don%2F%3Fprojet_id%3D4603|title:Je%20donne%20pour%20ce%20projet|target:%20_blank|&#8221;][\/vc_column][\/vc_row][vc_row][vc_column][vc_separator border_width=&#8221;3&#8243;][\/vc_column][\/vc_row][vc_row gap=&#8221;5&#8243;][vc_column width=&#8221;1\/2&#8243;][vc_custom_heading text=&#8221;Aur\u00e9lie Girault et Anthony Lamy&#8221; font_container=&#8221;tag:h3|font_size:16%20px|text_align:center|color:%23687884&#8243; google_fonts=&#8221;font_family:Lato%3A100%2C100italic%2C300%2C300italic%2Cregular%2Citalic%2C700%2C700italic%2C900%2C900italic|font_style:400%20italic%3A400%3Aitalic&#8221;][vc_row_inner content_placement=&#8221;middle&#8221;][vc_column_inner width=&#8221;1\/2&#8243;][vc_single_image image=&#8221;4708&#8243; img_size=&#8221;full&#8221; alignment=&#8221;center&#8221;][\/vc_column_inner][vc_column_inner width=&#8221;1\/2&#8243;][vc_column_text]Aur\u00e9lie Girault est coordonnatrice de la recherche param\u00e9dicale au CHU de Poitiers et Anthony Lamy est aide-soignant en r\u00e9animation cardio-thoracique.[\/vc_column_text][\/vc_column_inner][\/vc_row_inner][\/vc_column][vc_column width=&#8221;1\/2&#8243;][vc_custom_heading text=&#8221;Amandine Fernandes&#8221; font_container=&#8221;tag:h3|font_size:16%20px|text_align:center|color:%23687884&#8243; google_fonts=&#8221;font_family:Lato%3A100%2C100italic%2C300%2C300italic%2Cregular%2Citalic%2C700%2C700italic%2C900%2C900italic|font_style:400%20italic%3A400%3Aitalic&#8221;][vc_row_inner content_placement=&#8221;middle&#8221;][vc_column_inner width=&#8221;1\/2&#8243;][vc_column_text]Amandine Fernandes est cadre de sant\u00e9 au sein du service d\u2019oncologie p\u00e9diatrique du CHU de Poitiers.[\/vc_column_text][\/vc_column_inner][vc_column_inner width=&#8221;1\/2&#8243;][vc_single_image image=&#8221;4669&#8243; img_size=&#8221;full&#8221; alignment=&#8221;center&#8221;][\/vc_column_inner][\/vc_row_inner][\/vc_column][\/vc_row][vc_row gap=&#8221;5&#8243;][vc_column width=&#8221;1\/2&#8243;][vc_column_text]Ils portent le projet concernant <a href=\"https:\/\/www.fonds-alienor.fr\/wpd-projects\/musique-relaxation-reanimation\/\">l&#8217;impact de la musique et de la lumi\u00e8re en r\u00e9animation.<\/a>[\/vc_column_text][\/vc_column][vc_column width=&#8221;1\/2&#8243;][vc_column_text]Elle porte le projet concernant <a href=\"https:\/\/www.fonds-alienor.fr\/wpd-projects\/impact-realite-virtuelle-oncopediatrie\/\">l&#8217;impact de la r\u00e9alit\u00e9 virtuelle sur la r\u00e9duction de la douleur en onco-p\u00e9diatrie.<\/a>[\/vc_column_text][\/vc_column][\/vc_row][vc_row gap=&#8221;5&#8243;][vc_column width=&#8221;1\/2&#8243;][vc_btn title=&#8221;Je les soutiens&#8221; style=&#8221;flat&#8221; shape=&#8221;square&#8221; color=&#8221;purple&#8221; align=&#8221;center&#8221; link=&#8221;url:http%3A%2F%2Fwww.fonds-alienor.fr%2Ffaire-un-don%2F%3Fprojet_id%3D4699|title:Je%20donne%20pour%20ce%20projet|target:%20_blank|&#8221;][\/vc_column][vc_column width=&#8221;1\/2&#8243;][vc_btn title=&#8221;Je la soutiens&#8221; style=&#8221;flat&#8221; shape=&#8221;square&#8221; color=&#8221;purple&#8221; align=&#8221;center&#8221; link=&#8221;url:http%3A%2F%2Fwww.fonds-alienor.fr%2Ffaire-un-don%2F%3Fprojet_id%3D4660|title:Je%20donne%20pour%20ce%20projet|target:%20_blank|&#8221;][\/vc_column][\/vc_row][vc_row][vc_column][vc_separator border_width=&#8221;3&#8243;][\/vc_column][\/vc_row][vc_row gap=&#8221;5&#8243;][vc_column width=&#8221;1\/2&#8243;][vc_custom_heading text=&#8221;S\u00e9verine Texereau&#8221; font_container=&#8221;tag:h3|font_size:16%20px|text_align:center|color:%23687884&#8243; google_fonts=&#8221;font_family:Lato%3A100%2C100italic%2C300%2C300italic%2Cregular%2Citalic%2C700%2C700italic%2C900%2C900italic|font_style:400%20italic%3A400%3Aitalic&#8221;][vc_column_text css=&#8221;.vc_custom_1584529500481{margin-bottom: 0px !important;border-bottom-width: 0px !important;padding-bottom: 0px !important;}&#8221;]<img decoding=\"async\" class=\"alignleft wp-image-2203 size-medium\" src=\"https:\/\/www.fonds-alienor.fr\/wp-content\/uploads\/2020\/03\/texereau_severine_2-1024x621-2-e1584526391943-232x300.jpg\" alt=\"\" width=\"232\" height=\"300\" srcset=\"https:\/\/www.fonds-alienor.fr\/wp-content\/uploads\/2020\/03\/texereau_severine_2-1024x621-2-e1584526391943-232x300.jpg 232w, https:\/\/www.fonds-alienor.fr\/wp-content\/uploads\/2020\/03\/texereau_severine_2-1024x621-2-e1584526391943.jpg 481w\" sizes=\"(max-width: 232px) 100vw, 232px\" \/>Apr\u00e8s avoir travaill\u00e9 au sein de diff\u00e9rents services administratifs du CHU de Poitiers, S\u00e9verine Texereau a suivi une formation d\u2019infirmi\u00e8re \u00e0 l\u2019Institut de formation en soins infirmiers (IFSI) \u00e0 Poitiers. Dipl\u00f4m\u00e9e de l\u2019IFSI en 2012, elle travaille dans le service des explorations non fonctionnelles de cardiologie du CHU de Poitiers. Convaincue de l\u2019int\u00e9r\u00eat de l\u2019hypnose en milieu hospitalier, elle suit en 2015 une formation en hypnoanalg\u00e9sie \u00e0 l\u2019Institut de formation \u00e0 l\u2019hypnose de Paris.<\/p>\n<p>[\/vc_column_text][\/vc_column][vc_column width=&#8221;1\/2&#8243;][vc_custom_heading text=&#8221;Dr Jiad Mcheik&#8221; font_container=&#8221;tag:h3|font_size:16%20px|text_align:center|color:%23687884&#8243; google_fonts=&#8221;font_family:Lato%3A100%2C100italic%2C300%2C300italic%2Cregular%2Citalic%2C700%2C700italic%2C900%2C900italic|font_style:400%20italic%3A400%3Aitalic&#8221;][vc_column_text css=&#8221;.vc_custom_1584529509254{margin-bottom: 0px !important;border-bottom-width: 0px !important;padding-bottom: 0px !important;}&#8221;]<img decoding=\"async\" class=\"alignright wp-image-2130 size-medium\" src=\"https:\/\/www.fonds-alienor.fr\/wp-content\/uploads\/2020\/01\/mcheick_jiad-200x300.jpg\" alt=\"\" width=\"200\" height=\"300\" srcset=\"https:\/\/www.fonds-alienor.fr\/wp-content\/uploads\/2020\/01\/mcheick_jiad-200x300.jpg 200w, https:\/\/www.fonds-alienor.fr\/wp-content\/uploads\/2020\/01\/mcheick_jiad-682x1024.jpg 682w, https:\/\/www.fonds-alienor.fr\/wp-content\/uploads\/2020\/01\/mcheick_jiad-768x1153.jpg 768w, https:\/\/www.fonds-alienor.fr\/wp-content\/uploads\/2020\/01\/mcheick_jiad-1023x1536.jpg 1023w, https:\/\/www.fonds-alienor.fr\/wp-content\/uploads\/2020\/01\/mcheick_jiad-1365x2048.jpg 1365w, https:\/\/www.fonds-alienor.fr\/wp-content\/uploads\/2020\/01\/mcheick_jiad-scaled.jpg 1706w\" sizes=\"(max-width: 200px) 100vw, 200px\" \/>Jiad Mcheik est professeur universitaire-praticien hospitalier dans le service m\u00e9dico-chirurgical de p\u00e9diatrie du CHU de Poitiers. Originaire du Liban, il d\u00e9bute ses \u00e9tudes de m\u00e9decine \u00e0 Bordeaux en 1985. En 2001, il devient chirurgien des h\u00f4pitaux et arrive au CHU de Poitiers. Il se sp\u00e9cialise dans la r\u00e9paration des fentes labiales chez les enfants et devient le coordinateur du centre des comp\u00e9tences pour les fentes labio-palatines. Son activit\u00e9 de recherche est r\u00e9alis\u00e9e avec le laboratoire inflammation, tissus \u00e9pith\u00e9liaux et cytokines de l\u2019Universit\u00e9 de Poitiers. En 2013, il obtient une th\u00e8se universitaire sur la transplantation k\u00e9ratinocytaire autologue chez les enfants br\u00fbl\u00e9s.<\/p>\n<p>[\/vc_column_text][\/vc_column][\/vc_row][vc_row gap=&#8221;5&#8243;][vc_column width=&#8221;1\/2&#8243;][vc_column_text]Elle porte le projet concernant <a href=\"https:\/\/www.fonds-alienor.fr\/wpd-projects\/etude-comparative-de-limpact-de-lhypnose\/\">l&#8217;impact de l&#8217;hypnose sur l&#8217;anxi\u00e9t\u00e9 des patients b\u00e9n\u00e9ficiant d&#8217;une \u00e9chographie transoesophagienne (ETO) versus anesth\u00e9sique local en cardiologie<\/a>.[\/vc_column_text][\/vc_column][vc_column width=&#8221;1\/2&#8243;][vc_column_text]Il est le porteur du projet sur <a href=\"https:\/\/www.fonds-alienor.fr\/wpd-projects\/greffe-cellulaire-pour-traiter-les-brulures-profondes-et-extensives-de-lenfant\/\">la greffe cellulaire pour traiter les br\u00fblures profondes et extensives de l&#8217;enfant.<\/a>[\/vc_column_text][\/vc_column][\/vc_row][vc_row gap=&#8221;5&#8243;][vc_column width=&#8221;1\/2&#8243;][vc_btn title=&#8221;Je la soutiens&#8221; style=&#8221;flat&#8221; shape=&#8221;square&#8221; color=&#8221;purple&#8221; align=&#8221;center&#8221; link=&#8221;url:http%3A%2F%2Fwww.fonds-alienor.fr%2Ffaire-un-don%2F%3Fprojet%3D2144|title:Je%20donne%20pour%20ce%20projet|target:%20_blank|&#8221;][\/vc_column][vc_column width=&#8221;1\/2&#8243;][vc_btn title=&#8221;Je le soutiens&#8221; style=&#8221;flat&#8221; shape=&#8221;square&#8221; color=&#8221;purple&#8221; align=&#8221;center&#8221; link=&#8221;url:http%3A%2F%2Fwww.fonds-alienor.fr%2Ffaire-un-don%2F%3Fprojet%3D2127|title:Je%20donne%20pour%20ce%20projet|target:%20_blank|&#8221;][\/vc_column][\/vc_row][vc_row][vc_column][vc_separator border_width=&#8221;3&#8243;][\/vc_column][\/vc_row][vc_row gap=&#8221;5&#8243;][vc_column width=&#8221;1\/2&#8243;][vc_custom_heading text=&#8221;Dr Matthieu Boisson&#8221; font_container=&#8221;tag:h3|font_size:16%20px|text_align:center|color:%23687884&#8243; google_fonts=&#8221;font_family:Lato%3A100%2C100italic%2C300%2C300italic%2Cregular%2Citalic%2C700%2C700italic%2C900%2C900italic|font_style:400%20italic%3A400%3Aitalic&#8221;][vc_column_text css=&#8221;.vc_custom_1584529635597{margin-bottom: 0px !important;border-bottom-width: 0px !important;padding-bottom: 0px !important;}&#8221;]<img decoding=\"async\" class=\"alignright wp-image-2136 size-medium\" src=\"https:\/\/www.fonds-alienor.fr\/wp-content\/uploads\/2020\/01\/boisson_matthieu-200x300.jpg\" alt=\"\" width=\"200\" height=\"300\" srcset=\"https:\/\/www.fonds-alienor.fr\/wp-content\/uploads\/2020\/01\/boisson_matthieu-200x300.jpg 200w, https:\/\/www.fonds-alienor.fr\/wp-content\/uploads\/2020\/01\/boisson_matthieu-683x1024.jpg 683w, https:\/\/www.fonds-alienor.fr\/wp-content\/uploads\/2020\/01\/boisson_matthieu-768x1152.jpg 768w, https:\/\/www.fonds-alienor.fr\/wp-content\/uploads\/2020\/01\/boisson_matthieu-1024x1536.jpg 1024w, https:\/\/www.fonds-alienor.fr\/wp-content\/uploads\/2020\/01\/boisson_matthieu-1365x2048.jpg 1365w, https:\/\/www.fonds-alienor.fr\/wp-content\/uploads\/2020\/01\/boisson_matthieu-scaled.jpg 1707w\" sizes=\"(max-width: 200px) 100vw, 200px\" \/>Le Dr Matthieu Boisson est ma\u00eetre de conf\u00e9rences des universit\u00e9s \u2013 praticien hospitalier au sein du d\u00e9partement d\u2019anesth\u00e9sie-r\u00e9animation du CHU de Poitiers. Il est titulaire d\u2019une th\u00e8se d\u2019universit\u00e9 sur la n\u00e9bulisation d\u2019antibiotiques en ventilation m\u00e9canique. Son activit\u00e9 de recherche principale est r\u00e9alis\u00e9e au sein de l\u2019unit\u00e9 Inserm U1070 du Pr William Couet sur la pharmacologie des agents anti-infectieux \u00e0 Poitiers. Elle concerne la pr\u00e9vention des infections du site op\u00e9ratoire.<\/p>\n<p>[\/vc_column_text][\/vc_column][vc_column width=&#8221;1\/2&#8243;][vc_custom_heading text=&#8221;Dr Fr\u00e9d\u00e9ric Millot&#8221; font_container=&#8221;tag:h3|font_size:16%20px|text_align:center|color:%23687884&#8243; google_fonts=&#8221;font_family:Lato%3A100%2C100italic%2C300%2C300italic%2Cregular%2Citalic%2C700%2C700italic%2C900%2C900italic|font_style:400%20italic%3A400%3Aitalic&#8221;][vc_column_text css=&#8221;.vc_custom_1584529673283{margin-bottom: 0px !important;border-bottom-width: 0px !important;padding-bottom: 0px !important;}&#8221;]<img decoding=\"async\" class=\"alignleft wp-image-2142 size-medium\" src=\"https:\/\/www.fonds-alienor.fr\/wp-content\/uploads\/2020\/01\/Millot-F-238x300.jpg\" alt=\"\" width=\"238\" height=\"300\" srcset=\"https:\/\/www.fonds-alienor.fr\/wp-content\/uploads\/2020\/01\/Millot-F-238x300.jpg 238w, https:\/\/www.fonds-alienor.fr\/wp-content\/uploads\/2020\/01\/Millot-F-814x1024.jpg 814w, https:\/\/www.fonds-alienor.fr\/wp-content\/uploads\/2020\/01\/Millot-F-768x966.jpg 768w, https:\/\/www.fonds-alienor.fr\/wp-content\/uploads\/2020\/01\/Millot-F-1221x1536.jpg 1221w, https:\/\/www.fonds-alienor.fr\/wp-content\/uploads\/2020\/01\/Millot-F.jpg 1326w\" sizes=\"(max-width: 238px) 100vw, 238px\" \/>Le Pr Fr\u00e9d\u00e9ric Millot a int\u00e9gr\u00e9 le CHU de Poitiers en 1991. P\u00e9diatre de formation, il s\u2019est sp\u00e9cialis\u00e9 en oncologie h\u00e9matologie p\u00e9diatrique o\u00f9 il est reconnu pour ses recherches cliniques sur la leuc\u00e9mie my\u00e9lo\u00efde chronique. Apr\u00e8s avoir exerc\u00e9 au CHU de Lille et au CHU de Nantes, le Pr Millot est actuellement chef du service m\u00e9dico-chirurgical de p\u00e9diatrie du CHU de Poitiers. Il a publi\u00e9 de nombreux articles scientifiques internationaux sur la leuc\u00e9mie my\u00e9lo\u00efde chronique de l\u2019enfant et est souvent sollicit\u00e9, au niveau international, en qualit\u00e9 d\u2019expert de cette leuc\u00e9mie p\u00e9diatrique.[\/vc_column_text][\/vc_column][\/vc_row][vc_row gap=&#8221;5&#8243;][vc_column width=&#8221;1\/2&#8243;][vc_column_text]Il porte le projet concernant <a href=\"https:\/\/www.fonds-alienor.fr\/wpd-projects\/prevention-infections-nosocomiales\/\">les antiseptiques et r\u00e9sistances bact\u00e9riennes dans la pr\u00e9vention des infections nosocomiales en chirurgie<\/a>.[\/vc_column_text][\/vc_column][vc_column width=&#8221;1\/2&#8243;][vc_column_text]Il est le porteur du projet sur <a href=\"https:\/\/www.fonds-alienor.fr\/wpd-projects\/etude-leucemie-myeloide-chronique\/\">l&#8217;\u00e9tude de la leuc\u00e9mie my\u00e9lo\u00efde chronique p\u00e9diatrique pour une meilleure prise en charge des enfants et adolescents en \u00e9valuant les r\u00e9ponses mol\u00e9culaires des traitements.<\/a>[\/vc_column_text][\/vc_column][\/vc_row][vc_row gap=&#8221;5&#8243;][vc_column width=&#8221;1\/2&#8243;][vc_btn title=&#8221;Je le soutiens&#8221; style=&#8221;flat&#8221; shape=&#8221;square&#8221; color=&#8221;purple&#8221; align=&#8221;center&#8221; link=&#8221;url:http%3A%2F%2Fwww.fonds-alienor.fr%2Ffaire-un-don%2F%3Fprojet%3D2135|title:Je%20donne%20pour%20ce%20projet|target:%20_blank|&#8221;][\/vc_column][vc_column width=&#8221;1\/2&#8243;][vc_btn title=&#8221;Je le soutiens&#8221; style=&#8221;flat&#8221; shape=&#8221;square&#8221; color=&#8221;purple&#8221; align=&#8221;center&#8221; link=&#8221;url:http%3A%2F%2Fwww.fonds-alienor.fr%2Ffaire-un-don%2F%3Fprojet%3D2140|title:Je%20donne%20pour%20ce%20projet|target:%20_blank|&#8221;][\/vc_column][\/vc_row][vc_row][vc_column][vc_separator border_width=&#8221;3&#8243;][\/vc_column][\/vc_row][vc_row gap=&#8221;5&#8243;][vc_column width=&#8221;1\/2&#8243;][vc_custom_heading text=&#8221;Dr Thomas Kerforne&#8221; font_container=&#8221;tag:h3|font_size:16%20px|text_align:center|color:%23687884&#8243; google_fonts=&#8221;font_family:Lato%3A100%2C100italic%2C300%2C300italic%2Cregular%2Citalic%2C700%2C700italic%2C900%2C900italic|font_style:400%20italic%3A400%3Aitalic&#8221;][vc_column_text css=&#8221;.vc_custom_1584530068795{margin-bottom: 0px !important;border-bottom-width: 0px !important;padding-bottom: 0px !important;}&#8221;]<img decoding=\"async\" class=\"alignleft wp-image-2208 size-medium\" src=\"https:\/\/www.fonds-alienor.fr\/wp-content\/uploads\/2020\/03\/kerforne_thomas-1024x683-1-e1584527412139-257x300.jpg\" alt=\"\" width=\"257\" height=\"300\" srcset=\"https:\/\/www.fonds-alienor.fr\/wp-content\/uploads\/2020\/03\/kerforne_thomas-1024x683-1-e1584527412139-257x300.jpg 257w, https:\/\/www.fonds-alienor.fr\/wp-content\/uploads\/2020\/03\/kerforne_thomas-1024x683-1-e1584527412139.jpg 570w\" sizes=\"(max-width: 257px) 100vw, 257px\" \/>Apr\u00e8s avoir commenc\u00e9 ses \u00e9tudes \u00e0 la facult\u00e9 de m\u00e9decine du Kremlin-Bic\u00eatre \u00e0 Paris, Thomas Kerforne arrive au CHU de Poitiers en 2007 pour suivre son internat en anesth\u00e9sie-r\u00e9animation. Il est aujourd\u2019hui responsable de l\u2019unit\u00e9 de r\u00e9animation cardio-thoracique et vasculaire. M\u00e9decin coordonnateur de l\u2019unit\u00e9 de pr\u00e9l\u00e8vements d\u2019organes et titulaire d\u2019une th\u00e8se universitaire sur la r\u00e9animation des donneurs de reins d\u00e9c\u00e9d\u00e9s obtenue en 2018, le Dr Kerfrone participe aux travaux de l\u2019\u00e9quipe Inserm U1082 du professeur Thierry Hauet dont les recherches s\u2019articulent autour de l\u2019am\u00e9lioration de la transplantation d\u2019organes.<\/p>\n<p>[\/vc_column_text][\/vc_column][vc_column width=&#8221;1\/2&#8243;][vc_custom_heading text=&#8221;Pr Virginie Migeot&#8221; font_container=&#8221;tag:h3|font_size:16%20px|text_align:center|color:%23687884&#8243; google_fonts=&#8221;font_family:Lato%3A100%2C100italic%2C300%2C300italic%2Cregular%2Citalic%2C700%2C700italic%2C900%2C900italic|font_style:400%20italic%3A400%3Aitalic&#8221;][vc_column_text css=&#8221;.vc_custom_1584530422767{margin-bottom: 0px !important;border-bottom-width: 0px !important;padding-bottom: 0px !important;}&#8221;]<img decoding=\"async\" class=\"alignright wp-image-426 size-medium\" src=\"https:\/\/www.fonds-alienor.fr\/wp-content\/uploads\/2016\/09\/migeot_virginie-200x300.jpg\" alt=\"Pr Virginie Migeot\" width=\"200\" height=\"300\" srcset=\"https:\/\/www.fonds-alienor.fr\/wp-content\/uploads\/2016\/09\/migeot_virginie-200x300.jpg 200w, https:\/\/www.fonds-alienor.fr\/wp-content\/uploads\/2016\/09\/migeot_virginie.jpg 533w\" sizes=\"(max-width: 200px) 100vw, 200px\" \/><\/p>\n<p>Le Pr Virginie Migeot a consacr\u00e9 sa carri\u00e8re \u00e0 la sant\u00e9 publique. Apr\u00e8s avoir effectu\u00e9 son internat \u00e0 Toulouse, elle r\u00e9alise un master 2 &#8220;Epid\u00e9miologie et intervention en sant\u00e9 publique&#8221; \u00e0 Bordeaux. Virginie Migeot int\u00e8gre ensuite le CHU de Poitiers en 2001. Elle devient professeure des universit\u00e9s en 2014. Elle est actuellement chef du service sant\u00e9 publique du CHU de Poitiers et responsable de l&#8217;enseignement sant\u00e9 publique \u00e0 la facult\u00e9 de m\u00e9decine et de pharmacie de Poitiers.[\/vc_column_text][\/vc_column][\/vc_row][vc_row gap=&#8221;5&#8243;][vc_column width=&#8221;1\/2&#8243;][vc_column_text]Il porte le projet concernant l&#8217;<a href=\"https:\/\/www.fonds-alienor.fr\/wpd-projects\/evaluer-greffon-pre-et-post-transplantation\/\">anticipation du devenir d&#8217;un organe avant pr\u00e9l\u00e8vement pour favoriser le succ\u00e8s de la greffe.<\/a>[\/vc_column_text][\/vc_column][vc_column width=&#8221;1\/2&#8243;][vc_column_text]Elle porte le projet concernant <a href=\"https:\/\/www.fonds-alienor.fr\/creation-dune-maison-de-sante-publique\/\" target=\"_blank\" rel=\"noopener noreferrer\">le financement de la cr\u00e9ation d\u2019une maison de sant\u00e9 publique<\/a>.[\/vc_column_text][\/vc_column][\/vc_row][vc_row][vc_column width=&#8221;1\/2&#8243;][vc_btn title=&#8221;Je le soutiens&#8221; style=&#8221;flat&#8221; shape=&#8221;square&#8221; color=&#8221;purple&#8221; align=&#8221;center&#8221; link=&#8221;url:http%3A%2F%2Fwww.fonds-alienor.fr%2Ffaire-un-don%2F%3Fprojet%3D2131|title:Je%20donne%20pour%20ce%20projet|target:%20_blank|&#8221;][\/vc_column][vc_column width=&#8221;1\/2&#8243;][vc_btn title=&#8221;Je le soutiens&#8221; style=&#8221;flat&#8221; shape=&#8221;square&#8221; color=&#8221;purple&#8221; align=&#8221;center&#8221; link=&#8221;url:http%3A%2F%2Fwww.fonds-alienor.fr%2Ffaire-un-don%2F|title:Je%20donne%20pour%20ce%20projet|target:%20_blank&#8221;][\/vc_column][\/vc_row][vc_row][vc_column][vc_separator border_width=&#8221;3&#8243;][vc_custom_heading text=&#8221;Nous les avons accompagn\u00e9s&#8221; font_container=&#8221;tag:h2|text_align:center|color:%23687884&#8243; use_theme_fonts=&#8221;yes&#8221;][\/vc_column][\/vc_row][vc_row][vc_column width=&#8221;1\/2&#8243;][vc_single_image image=&#8221;4876&#8243; img_size=&#8221;full&#8221;][vc_custom_heading text=&#8221;Pr Xavier Drouot&#8221; font_container=&#8221;tag:h3|font_size:16%20px|text_align:center|color:%23687884&#8243; google_fonts=&#8221;font_family:Lato%3A100%2C100italic%2C300%2C300italic%2Cregular%2Citalic%2C700%2C700italic%2C900%2C900italic|font_style:400%20italic%3A400%3Aitalic&#8221;][vc_column_text css=&#8221;.vc_custom_1629704106547{margin-bottom: 0px !important;border-bottom-width: 0px !important;padding-bottom: 0px !important;}&#8221;]Le Pr Xavier Drouot d\u00e9bute sa carri\u00e8re hospitalo-universitaire de neurologue neurophysiologiste au CHU Henri Mondor (APHP, Cr\u00e9teil) en 2000. Il y travaille sur des techniques de stimulation c\u00e9r\u00e9brale chez les patients parkinsoniens et douloureux.\u2028 Il y d\u00e9veloppe le centre du sommeil. Il entame en 2007 un programme de recherche sur le sommeil des patients hospitalis\u00e9s au sein d\u2019un service de r\u00e9animation, th\u00e9matique abord\u00e9e mais jamais \u00e9tudi\u00e9e auparavant, et pourtant vitale pour ces patients tr\u00e8s fragiles. \u00c0 son arriv\u00e9e au CHU de Poitiers, il poursuit ses travaux de recherche en r\u00e9animation avec le Pr Arnaud Thille, m\u00e9decin-r\u00e9animateur, et une \u00e9quipe m\u00e9dicale et soignante devenue pionni\u00e8re dans le domaine. Le groupe d\u00e9crit alors une nouvelle classification du sommeil sp\u00e9cifique \u00e0 la r\u00e9animation, et b\u00e9n\u00e9ficie aujourd\u2019hui d\u2019une aura internationale reconnue depuis quatre ans.[\/vc_column_text][vc_column_text]Il porte le projet concernant <a href=\"https:\/\/www.fonds-alienor.fr\/wpd-projects\/evaluation-de-la-qualite-du-sommeil-et-de-ses-consequences-en-reanimation\/\">la qualit\u00e9 du sommeil et ses cons\u00e9quences en r\u00e9animation<\/a>.[\/vc_column_text][\/vc_column][vc_column width=&#8221;1\/2&#8243;][vc_single_image image=&#8221;4870&#8243; img_size=&#8221;full&#8221;][vc_custom_heading text=&#8221;Clara Steichen&#8221; font_container=&#8221;tag:h3|font_size:16%20px|text_align:center|color:%23687884&#8243; google_fonts=&#8221;font_family:Lato%3A100%2C100italic%2C300%2C300italic%2Cregular%2Citalic%2C700%2C700italic%2C900%2C900italic|font_style:400%20italic%3A400%3Aitalic&#8221;][vc_column_text css=&#8221;.vc_custom_1629703879542{margin-bottom: 0px !important;border-bottom-width: 0px !important;padding-bottom: 0px !important;}&#8221;]Clara Steichen a fait une \u00e9cole d\u2019ing\u00e9nieur en biotechnologie et un master en biotechnologie et innovations th\u00e9rapeutiques \u00e0 Strasbourg (Bas-Rhin), avant un doctorat consacr\u00e9 aux maladies h\u00e9patiques, \u00e0 l\u2019unit\u00e9 Inserm 972 de Villejuif (Val-de-Marne), avec pour mat\u00e9riel de base des cellules souches pluripotente induites. Elle part ensuite \u00e0 S\u00e3o Paulo (Br\u00e9sil) pour travailler \u00e0 l\u2019Institut du c\u0153ur, pendant deux ans, sur la diff\u00e9renciation de cellules souches en cellules cardiaques. Elle d\u00e9croche une chaire d\u2019accueil \u00ab jeune chercheur \u00bb en avril 2017 \u00e0 l\u2019unit\u00e9 Inserm U1082 (isch\u00e9mie reperfusion et transplantation d\u2019organes) dirig\u00e9 par le Pr Thierry Hauet.[\/vc_column_text][vc_column_text]Elle porte le projet de <a href=\"https:\/\/www.fonds-alienor.fr\/wpd-projects\/generation-de-mini-reins-a-partir-de-cellules-souches-urinaires-un-modele-innovant-pour-la-recherche-sur-la-transplantation-dorganes\/\">g\u00e9n\u00e9ration de mini-reins \u00e0 partir de cellules souches urinaires.<\/a>[\/vc_column_text][\/vc_column][\/vc_row][vc_row][vc_column width=&#8221;1\/2&#8243;][vc_single_image image=&#8221;4864&#8243; img_size=&#8221;full&#8221;][vc_custom_heading text=&#8221;Dr S\u00e9bastien Levesque&#8221; font_container=&#8221;tag:h3|font_size:16%20px|text_align:center|color:%23687884&#8243; google_fonts=&#8221;font_family:Lato%3A100%2C100italic%2C300%2C300italic%2Cregular%2Citalic%2C700%2C700italic%2C900%2C900italic|font_style:400%20italic%3A400%3Aitalic&#8221;][vc_column_text css=&#8221;.vc_custom_1629703452884{margin-bottom: 0px !important;border-bottom-width: 0px !important;padding-bottom: 0px !important;}&#8221;]Co-responsable de l\u2019unit\u00e9 de soins intensifs cardiologiques du CHU de Poitiers depuis 2012, le Dr S\u00e9bastien Levesque officie dans le service de cardiologie interventionnelle coronaire et structurale. Il a effectu\u00e9 ses \u00e9tudes de m\u00e9decine au CHU de Tours, puis il a commenc\u00e9 son activit\u00e9 professionnelle au CHU de Clermont-Ferrand.[\/vc_column_text][vc_column_text]Il est le porteur du projet de <a href=\"https:\/\/www.fonds-alienor.fr\/evaluation-dune-technique-dimagerie-innovante-oct-pour-la-pose-de-stents-coronaires\/\" target=\"_blank\" rel=\"noopener noreferrer\">financement d\u2019une technique d\u2019imagerie innovante<\/a>, OCT ou tomographie par coh\u00e9rence optique, utilis\u00e9e dans le cadre d\u2019angioplasties coronaires appel\u00e9es CTO (occlusions coronaires chroniques).[\/vc_column_text][\/vc_column][vc_column width=&#8221;1\/2&#8243;][vc_single_image image=&#8221;4882&#8243; img_size=&#8221;full&#8221;][vc_custom_heading text=&#8221;Pr Nicolas Leveziel&#8221; font_container=&#8221;tag:h3|font_size:16%20px|text_align:center|color:%23687884&#8243; google_fonts=&#8221;font_family:Lato%3A100%2C100italic%2C300%2C300italic%2Cregular%2Citalic%2C700%2C700italic%2C900%2C900italic|font_style:400%20italic%3A400%3Aitalic&#8221;][vc_column_text css=&#8221;.vc_custom_1629704607069{margin-bottom: 0px !important;border-bottom-width: 0px !important;padding-bottom: 0px !important;}&#8221;]Nicolas Leveziel est chef du service ophtalmologie au CHU de Poitiers et professeur des universit\u00e9s depuis 2013. Apr\u00e8s avoir r\u00e9alis\u00e9 son clinicat et ses d\u00e9buts de praticien hospitalier \u00e0 l&#8217;h\u00f4pital Henri-Mondor de Cr\u00e9teil, il rejoint le CHU de Poitiers en 2012. En plus du projet de recherche fondamentale sur la d\u00e9g\u00e9n\u00e9rescence maculaire li\u00e9e \u00e0 l\u2019\u00e2ge, il est par ailleurs l&#8217;investigateur de plusieurs projets de recherche clinique sur cette m\u00eame pathologie.[\/vc_column_text][vc_column_text]Il est le porteur du <a href=\"https:\/\/www.fonds-alienor.fr\/recherche-sur-la-degenerescence-maculaire-liee-a-lage-dmla\/\" target=\"_blank\" rel=\"noopener noreferrer\">projet de recherche fondamentale \u00e0 partir de cellules souches sur la d\u00e9g\u00e9n\u00e9rescence maculaire li\u00e9e \u00e0 l\u2019\u00e2ge (DMLA)<\/a>.[\/vc_column_text][\/vc_column][\/vc_row][vc_row][vc_column width=&#8221;1\/2&#8243;][vc_single_image image=&#8221;4203&#8243; img_size=&#8221;full&#8221;][vc_custom_heading text=&#8221;Pr Benoit Bataille&#8221; font_container=&#8221;tag:h3|font_size:16%20px|text_align:center|color:%23687884&#8243; google_fonts=&#8221;font_family:Lato%3A100%2C100italic%2C300%2C300italic%2Cregular%2Citalic%2C700%2C700italic%2C900%2C900italic|font_style:400%20italic%3A400%3Aitalic&#8221;][vc_column_text]Le Pr Benoit Bataille, <a href=\"https:\/\/www.fonds-alienor.fr\/deces-du-professeur-benoit-bataille\/\">d\u00e9c\u00e9d\u00e9 en 2020<\/a>, a \u00e9t\u00e9 le chef du service neurochirurgie du CHU de Poitiers pendant une dizaine d\u2019ann\u00e9e. Apr\u00e8s des \u00e9tudes de m\u00e9decine \u00e0 Tours, il int\u00e8gre le CHU de Poitiers en 1980 et devient professeur des universit\u00e9s en 1998. Il s\u2019est consacr\u00e9 \u00e0 la recherche sur la stimulation c\u00e9r\u00e9brale profonde, capable de soigner le maladie de Parkinson, les tocs et la d\u00e9pression, avant de s\u2019int\u00e9resser aux gliomes et aux m\u00e9ningiomes. Il \u00e9tait le porteur du <a href=\"https:\/\/www.fonds-alienor.fr\/wpd-projects\/etude-tumeurs-cerebrales\/\">projet portant sur l&#8217;\u00e9tude des tumeurs c\u00e9r\u00e9brales<\/a>, financ\u00e9 par le fonds Ali\u00e9nor.[\/vc_column_text][\/vc_column][vc_column width=&#8221;1\/2&#8243;][vc_single_image image=&#8221;4206&#8243; img_size=&#8221;full&#8221;][vc_custom_heading text=&#8221;Dr Pierre-Olivier Guichet&#8221; font_container=&#8221;tag:h3|font_size:16%20px|text_align:center|color:%23687884&#8243; google_fonts=&#8221;font_family:Lato%3A100%2C100italic%2C300%2C300italic%2Cregular%2Citalic%2C700%2C700italic%2C900%2C900italic|font_style:400%20italic%3A400%3Aitalic&#8221;][vc_column_text css=&#8221;.vc_custom_1601298355890{margin-bottom: 0px !important;border-bottom-width: 0px !important;padding-bottom: 0px !important;}&#8221;]<\/p>\n<p>Pierre-Olivier Guichet a fait un master de g\u00e9n\u00e9tique \u00e0 l\u2019universit\u00e9 de Bordeaux (Gironde) avant de partir \u00e0 l\u2019Institut des neurosciences de Montpellier (H\u00e9rault) pour effectuer un doctorat sur les gliomes dans l\u2019\u00e9quipe du Pr Hugues Duffau, un \u00e9minent sp\u00e9cialiste de la chirurgie \u00e9veill\u00e9e des gliomes. Il int\u00e8gre ensuite l\u2019unit\u00e9 Inserm U982 (diff\u00e9renciation\u2028et communication neuronale et neuroendocrine) \u00e0 Rouen (Seine-Maritime) avant d\u2019\u00eatre recrut\u00e9 par le CHU de Poitiers, en janvier 2016, en tant qu\u2019ing\u00e9nieur de recherche. Il travaille avec le Pr Lucie Karayan-Tapon, cheffe du laboratoire de canc\u00e9rologie biologique, responsable du groupe tumeurs c\u00e9r\u00e9brales et cellules souches de l\u2019unit\u00e9 Inserm U1084 (laboratoire de neurosciences exp\u00e9rimentales et cliniques).[\/vc_column_text][vc_column_text]Il porte le projet concernant <a href=\"https:\/\/www.fonds-alienor.fr\/wpd-projects\/projet-de-recherche-fondamentale-sur-letude-des-tumeurs-cerebrales-glioblastomes\/\">l\u2019\u00e9tude de tumeurs c\u00e9r\u00e9brales appel\u00e9es gliobastomes<\/a>.[\/vc_column_text][\/vc_column][\/vc_row][vc_row][vc_column][vc_separator border_width=&#8221;3&#8243;][\/vc_column][\/vc_row][vc_row][vc_column width=&#8221;1\/2&#8243;][vc_single_image image=&#8221;4209&#8243; img_size=&#8221;full&#8221;][vc_custom_heading text=&#8221;Pr Philippe Rigoard&#8221; font_container=&#8221;tag:h3|font_size:16%20px|text_align:center|color:%23687884&#8243; google_fonts=&#8221;font_family:Lato%3A100%2C100italic%2C300%2C300italic%2Cregular%2Citalic%2C700%2C700italic%2C900%2C900italic|font_style:400%20italic%3A400%3Aitalic&#8221;][vc_column_text css=&#8221;.vc_custom_1601298610823{margin-bottom: 0px !important;border-bottom-width: 0px !important;padding-bottom: 0px !important;}&#8221;]<\/p>\n<p>Le professeur Philippe Rigoard est neurochirurgien, coordonnateur de l\u2019unit\u00e9 rachis et neurostimulation, au CHU de Poitiers. Passionn\u00e9 de dessin, il a suivi des cours de morphologie aux beaux-arts en parall\u00e8le \u00e0 \u00e9tudes de m\u00e9decine \u00e0 Paris. Avec le professeur Christophe Jayle, chirurgien cardio-thoracique, il a imagin\u00e9 le laboratoire Prismatics dont les locaux se situent \u2028au sein du centre cardiovasculaire du CHU de Poitiers.[\/vc_column_text][vc_column_text]Il porte le projet concernant <a href=\"https:\/\/www.fonds-alienor.fr\/wpd-projects\/cartographier-le-mal-de-dos-grace-a-une-application-pour-mieux-soigner-les-malades\/\">la cartographie du mal de dos gr\u00e2ce \u00e0 une application<\/a>.[\/vc_column_text][\/vc_column][vc_column width=&#8221;1\/2&#8243;][vc_single_image image=&#8221;4212&#8243; img_size=&#8221;full&#8221;][vc_custom_heading text=&#8221;Catherine Boisseau&#8221; font_container=&#8221;tag:h3|font_size:16%20px|text_align:center|color:%23687884&#8243; google_fonts=&#8221;font_family:Lato%3A100%2C100italic%2C300%2C300italic%2Cregular%2Citalic%2C700%2C700italic%2C900%2C900italic|font_style:400%20italic%3A400%3Aitalic&#8221;][vc_column_text css=&#8221;.vc_custom_1601298837086{margin-bottom: 0px !important;border-bottom-width: 0px !important;padding-bottom: 0px !important;}&#8221;]<\/p>\n<p>Catherine Boisseau est cadre de sant\u00e9 de l\u2019unit\u00e9 d\u2019hospitalisation \u00e0 domicile du CHU de Poitiers. Elle int\u00e8gre l\u2019\u00e9tablissement en 2002 comme infirmi\u00e8re avant d\u2019obtenir son dipl\u00f4me de cadre en 2005. Elle prend l\u2019encadrement de l\u2019unit\u00e9 de soins palliatifs entre 2009 et 2017.[\/vc_column_text][vc_column_text]Elle porte le projet <a href=\"https:\/\/www.fonds-alienor.fr\/wpd-projects\/utilisation-de-laromatherapie-pour-les-soins-de-bouche-des-patients-en-hospitalisation-a-domicile-soins-palliatifs-geriatrie-et-cancerologie\/\">d\u2019utilisation de l\u2019aromath\u00e9rapie comme traitement compl\u00e9mentaire des prescriptions m\u00e9dicales<\/a>.[\/vc_column_text][\/vc_column][\/vc_row]<\/p>\n<\/div>","protected":false},"excerpt":{"rendered":"<p>[vc_row][vc_column][vc_empty_space height=&#8221;22px&#8221;][vc_custom_heading text=&#8221;Our researchers&#8221; font_container=&#8221;tag:h3|text_align:center|color:%23ed1941&#8243; google_fonts=&#8221;font_family:Lato%3A100%2C100italic%2C300%2C300italic%2Cregular%2Citalic%2C700%2C700italic%2C900%2C900italic|font_style:400%20regular%3A400%3Anormal&#8221;][\/vc_column][\/vc_row][vc_row gap=&#8221;5&#8243;][vc_column width=&#8221;1\/2&#8243;][vc_custom_heading text=&#8221;Dr Matthieu Egloff&#8221; font_container=&#8221;tag:h3|font_size:16%20px|text_align:center|color:%23687884&#8243; google_fonts=&#8221;font_family:Lato%3A100%2C100italic%2C300%2C300italic%2Cregular%2Citalic%2C700%2C700italic%2C900%2C900italic|font_style:400%20italic%3A400%3Aitalic&#8221;][vc_row_inner content_placement=&#8221;middle&#8221;][vc_column_inner width=&#8221;1\/2&#8243;][vc_single_image image=&#8221;4651&#8243; img_size=&#8221;large&#8221; alignment=&#8221;center&#8221;][\/vc_column_inner][vc_column_inner width=&#8221;1\/2&#8243;][vc_column_text]Le Dr Matthieu Egloff est biologiste en g\u00e9n\u00e9tique au CHU de Poitiers.[\/vc_column_text][\/vc_column_inner][\/vc_row_inner][\/vc_column][vc_column width=&#8221;1\/2&#8243;][vc_custom_heading text=&#8221;Dr Adrien Julian&#8221; font_container=&#8221;tag:h3|font_size:16%20px|text_align:center|color:%23687884&#8243; google_fonts=&#8221;font_family:Lato%3A100%2C100italic%2C300%2C300italic%2Cregular%2Citalic%2C700%2C700italic%2C900%2C900italic|font_style:400%20italic%3A400%3Aitalic&#8221;][vc_row_inner content_placement=&#8221;middle&#8221;][vc_column_inner width=&#8221;1\/2&#8243;][vc_column_text]Le Dr Adrien Julian est neurologue en neurologie au CHU de Poitiers.[\/vc_column_text][\/vc_column_inner][vc_column_inner width=&#8221;1\/2&#8243;][vc_single_image image=&#8221;4561&#8243; img_size=&#8221;large&#8221; alignment=&#8221;center&#8221;][\/vc_column_inner][\/vc_row_inner][\/vc_column][\/vc_row][vc_row gap=&#8221;5&#8243;][vc_column width=&#8221;1\/2&#8243;][vc_column_text]Il [&hellip;]<\/p>\n","protected":false},"author":13,"featured_media":0,"parent":0,"menu_order":0,"comment_status":"closed","ping_status":"closed","template":"","meta":{"footnotes":""},"class_list":["post-2630","page","type-page","status-publish","hentry"],"yoast_head":"<!-- This site is optimized with the Yoast SEO plugin v27.3 - https:\/\/yoast.com\/product\/yoast-seo-wordpress\/ -->\n<title>Our researchers - Fonds Ali\u00e9nor<\/title>\n<meta name=\"robots\" content=\"index, follow, max-snippet:-1, max-image-preview:large, max-video-preview:-1\" \/>\n<link rel=\"canonical\" href=\"https:\/\/www.fonds-alienor.fr\/en\/nos-chercheurs\/\" \/>\n<meta property=\"og:locale\" content=\"en_US\" \/>\n<meta property=\"og:type\" content=\"article\" \/>\n<meta property=\"og:title\" content=\"Our researchers - Fonds Ali\u00e9nor\" \/>\n<meta property=\"og:description\" content=\"[vc_row][vc_column][vc_empty_space height=&#8221;22px&#8221;][vc_custom_heading text=&#8221;Our researchers&#8221; font_container=&#8221;tag:h3|text_align:center|color:%23ed1941&#8243; google_fonts=&#8221;font_family:Lato%3A100%2C100italic%2C300%2C300italic%2Cregular%2Citalic%2C700%2C700italic%2C900%2C900italic|font_style:400%20regular%3A400%3Anormal&#8221;][\/vc_column][\/vc_row][vc_row gap=&#8221;5&#8243;][vc_column width=&#8221;1\/2&#8243;][vc_custom_heading text=&#8221;Dr Matthieu Egloff&#8221; font_container=&#8221;tag:h3|font_size:16%20px|text_align:center|color:%23687884&#8243; google_fonts=&#8221;font_family:Lato%3A100%2C100italic%2C300%2C300italic%2Cregular%2Citalic%2C700%2C700italic%2C900%2C900italic|font_style:400%20italic%3A400%3Aitalic&#8221;][vc_row_inner content_placement=&#8221;middle&#8221;][vc_column_inner width=&#8221;1\/2&#8243;][vc_single_image image=&#8221;4651&#8243; img_size=&#8221;large&#8221; alignment=&#8221;center&#8221;][\/vc_column_inner][vc_column_inner width=&#8221;1\/2&#8243;][vc_column_text]Le Dr Matthieu Egloff est biologiste en g\u00e9n\u00e9tique au CHU de Poitiers.[\/vc_column_text][\/vc_column_inner][\/vc_row_inner][\/vc_column][vc_column width=&#8221;1\/2&#8243;][vc_custom_heading text=&#8221;Dr Adrien Julian&#8221; font_container=&#8221;tag:h3|font_size:16%20px|text_align:center|color:%23687884&#8243; google_fonts=&#8221;font_family:Lato%3A100%2C100italic%2C300%2C300italic%2Cregular%2Citalic%2C700%2C700italic%2C900%2C900italic|font_style:400%20italic%3A400%3Aitalic&#8221;][vc_row_inner content_placement=&#8221;middle&#8221;][vc_column_inner width=&#8221;1\/2&#8243;][vc_column_text]Le Dr Adrien Julian est neurologue en neurologie au CHU de Poitiers.[\/vc_column_text][\/vc_column_inner][vc_column_inner width=&#8221;1\/2&#8243;][vc_single_image image=&#8221;4561&#8243; img_size=&#8221;large&#8221; alignment=&#8221;center&#8221;][\/vc_column_inner][\/vc_row_inner][\/vc_column][\/vc_row][vc_row gap=&#8221;5&#8243;][vc_column width=&#8221;1\/2&#8243;][vc_column_text]Il [&hellip;]\" \/>\n<meta property=\"og:url\" content=\"https:\/\/www.fonds-alienor.fr\/en\/nos-chercheurs\/\" \/>\n<meta property=\"og:site_name\" content=\"Fonds Ali\u00e9nor\" \/>\n<meta property=\"article:publisher\" content=\"https:\/\/www.facebook.com\/chudepoitiers\" \/>\n<meta property=\"article:modified_time\" content=\"2021-08-23T09:55:40+00:00\" \/>\n<meta property=\"og:image\" content=\"https:\/\/www.fonds-alienor.fr\/wp-content\/uploads\/2020\/03\/texereau_severine_2-1024x621-2-e1584526391943-232x300.jpg\" \/>\n<meta name=\"twitter:card\" content=\"summary_large_image\" \/>\n<meta name=\"twitter:site\" content=\"@CHU_de_Poitiers\" \/>\n<meta name=\"twitter:label1\" content=\"Est. reading time\" \/>\n\t<meta name=\"twitter:data1\" content=\"10 minutes\" \/>\n<script type=\"application\/ld+json\" class=\"yoast-schema-graph\">{\"@context\":\"https:\\\/\\\/schema.org\",\"@graph\":[{\"@type\":\"WebPage\",\"@id\":\"https:\\\/\\\/www.fonds-alienor.fr\\\/en\\\/nos-chercheurs\\\/\",\"url\":\"https:\\\/\\\/www.fonds-alienor.fr\\\/en\\\/nos-chercheurs\\\/\",\"name\":\"Our researchers - Fonds Ali\u00e9nor\",\"isPartOf\":{\"@id\":\"https:\\\/\\\/www.fonds-alienor.fr\\\/en\\\/#website\"},\"primaryImageOfPage\":{\"@id\":\"https:\\\/\\\/www.fonds-alienor.fr\\\/en\\\/nos-chercheurs\\\/#primaryimage\"},\"image\":{\"@id\":\"https:\\\/\\\/www.fonds-alienor.fr\\\/en\\\/nos-chercheurs\\\/#primaryimage\"},\"thumbnailUrl\":\"https:\\\/\\\/www.fonds-alienor.fr\\\/wp-content\\\/uploads\\\/2020\\\/03\\\/texereau_severine_2-1024x621-2-e1584526391943-232x300.jpg\",\"datePublished\":\"2016-09-13T12:11:53+00:00\",\"dateModified\":\"2021-08-23T09:55:40+00:00\",\"breadcrumb\":{\"@id\":\"https:\\\/\\\/www.fonds-alienor.fr\\\/en\\\/nos-chercheurs\\\/#breadcrumb\"},\"inLanguage\":\"en-US\",\"potentialAction\":[{\"@type\":\"ReadAction\",\"target\":[\"https:\\\/\\\/www.fonds-alienor.fr\\\/en\\\/nos-chercheurs\\\/\"]}]},{\"@type\":\"ImageObject\",\"inLanguage\":\"en-US\",\"@id\":\"https:\\\/\\\/www.fonds-alienor.fr\\\/en\\\/nos-chercheurs\\\/#primaryimage\",\"url\":\"https:\\\/\\\/www.fonds-alienor.fr\\\/wp-content\\\/uploads\\\/2020\\\/03\\\/texereau_severine_2-1024x621-2-e1584526391943-232x300.jpg\",\"contentUrl\":\"https:\\\/\\\/www.fonds-alienor.fr\\\/wp-content\\\/uploads\\\/2020\\\/03\\\/texereau_severine_2-1024x621-2-e1584526391943-232x300.jpg\"},{\"@type\":\"BreadcrumbList\",\"@id\":\"https:\\\/\\\/www.fonds-alienor.fr\\\/en\\\/nos-chercheurs\\\/#breadcrumb\",\"itemListElement\":[{\"@type\":\"ListItem\",\"position\":1,\"name\":\"Accueil\",\"item\":\"https:\\\/\\\/www.fonds-alienor.fr\\\/en\\\/\"},{\"@type\":\"ListItem\",\"position\":2,\"name\":\"Our researchers\"}]},{\"@type\":\"WebSite\",\"@id\":\"https:\\\/\\\/www.fonds-alienor.fr\\\/en\\\/#website\",\"url\":\"https:\\\/\\\/www.fonds-alienor.fr\\\/en\\\/\",\"name\":\"Fonds Ali\u00e9nor\",\"description\":\"Emmenons la recherche m\u00e9dicale\",\"publisher\":{\"@id\":\"https:\\\/\\\/www.fonds-alienor.fr\\\/en\\\/#organization\"},\"potentialAction\":[{\"@type\":\"SearchAction\",\"target\":{\"@type\":\"EntryPoint\",\"urlTemplate\":\"https:\\\/\\\/www.fonds-alienor.fr\\\/en\\\/?s={search_term_string}\"},\"query-input\":{\"@type\":\"PropertyValueSpecification\",\"valueRequired\":true,\"valueName\":\"search_term_string\"}}],\"inLanguage\":\"en-US\"},{\"@type\":\"Organization\",\"@id\":\"https:\\\/\\\/www.fonds-alienor.fr\\\/en\\\/#organization\",\"name\":\"Fonds Ali\u00e9nor du CHU de Poitiers\",\"url\":\"https:\\\/\\\/www.fonds-alienor.fr\\\/en\\\/\",\"logo\":{\"@type\":\"ImageObject\",\"inLanguage\":\"en-US\",\"@id\":\"https:\\\/\\\/www.fonds-alienor.fr\\\/en\\\/#\\\/schema\\\/logo\\\/image\\\/\",\"url\":\"https:\\\/\\\/www.fonds-alienor.fr\\\/wp-content\\\/uploads\\\/2025\\\/10\\\/logo_114px.png\",\"contentUrl\":\"https:\\\/\\\/www.fonds-alienor.fr\\\/wp-content\\\/uploads\\\/2025\\\/10\\\/logo_114px.png\",\"width\":114,\"height\":114,\"caption\":\"Fonds Ali\u00e9nor du CHU de Poitiers\"},\"image\":{\"@id\":\"https:\\\/\\\/www.fonds-alienor.fr\\\/en\\\/#\\\/schema\\\/logo\\\/image\\\/\"},\"sameAs\":[\"https:\\\/\\\/www.facebook.com\\\/chudepoitiers\",\"https:\\\/\\\/x.com\\\/CHU_de_Poitiers\",\"https:\\\/\\\/www.linkedin.com\\\/company\\\/chu-poitiers?trk=company_logo\",\"https:\\\/\\\/www.youtube.com\\\/channel\\\/UCPpTSqyLsR5a-hXJA7zZ6cA\"]}]}<\/script>\n<!-- \/ Yoast SEO plugin. -->","yoast_head_json":{"title":"Our researchers - Fonds Ali\u00e9nor","robots":{"index":"index","follow":"follow","max-snippet":"max-snippet:-1","max-image-preview":"max-image-preview:large","max-video-preview":"max-video-preview:-1"},"canonical":"https:\/\/www.fonds-alienor.fr\/en\/nos-chercheurs\/","og_locale":"en_US","og_type":"article","og_title":"Our researchers - Fonds Ali\u00e9nor","og_description":"[vc_row][vc_column][vc_empty_space height=&#8221;22px&#8221;][vc_custom_heading text=&#8221;Our researchers&#8221; font_container=&#8221;tag:h3|text_align:center|color:%23ed1941&#8243; google_fonts=&#8221;font_family:Lato%3A100%2C100italic%2C300%2C300italic%2Cregular%2Citalic%2C700%2C700italic%2C900%2C900italic|font_style:400%20regular%3A400%3Anormal&#8221;][\/vc_column][\/vc_row][vc_row gap=&#8221;5&#8243;][vc_column width=&#8221;1\/2&#8243;][vc_custom_heading text=&#8221;Dr Matthieu Egloff&#8221; font_container=&#8221;tag:h3|font_size:16%20px|text_align:center|color:%23687884&#8243; google_fonts=&#8221;font_family:Lato%3A100%2C100italic%2C300%2C300italic%2Cregular%2Citalic%2C700%2C700italic%2C900%2C900italic|font_style:400%20italic%3A400%3Aitalic&#8221;][vc_row_inner content_placement=&#8221;middle&#8221;][vc_column_inner width=&#8221;1\/2&#8243;][vc_single_image image=&#8221;4651&#8243; img_size=&#8221;large&#8221; alignment=&#8221;center&#8221;][\/vc_column_inner][vc_column_inner width=&#8221;1\/2&#8243;][vc_column_text]Le Dr Matthieu Egloff est biologiste en g\u00e9n\u00e9tique au CHU de Poitiers.[\/vc_column_text][\/vc_column_inner][\/vc_row_inner][\/vc_column][vc_column width=&#8221;1\/2&#8243;][vc_custom_heading text=&#8221;Dr Adrien Julian&#8221; font_container=&#8221;tag:h3|font_size:16%20px|text_align:center|color:%23687884&#8243; google_fonts=&#8221;font_family:Lato%3A100%2C100italic%2C300%2C300italic%2Cregular%2Citalic%2C700%2C700italic%2C900%2C900italic|font_style:400%20italic%3A400%3Aitalic&#8221;][vc_row_inner content_placement=&#8221;middle&#8221;][vc_column_inner width=&#8221;1\/2&#8243;][vc_column_text]Le Dr Adrien Julian est neurologue en neurologie au CHU de Poitiers.[\/vc_column_text][\/vc_column_inner][vc_column_inner width=&#8221;1\/2&#8243;][vc_single_image image=&#8221;4561&#8243; img_size=&#8221;large&#8221; alignment=&#8221;center&#8221;][\/vc_column_inner][\/vc_row_inner][\/vc_column][\/vc_row][vc_row gap=&#8221;5&#8243;][vc_column width=&#8221;1\/2&#8243;][vc_column_text]Il [&hellip;]","og_url":"https:\/\/www.fonds-alienor.fr\/en\/nos-chercheurs\/","og_site_name":"Fonds Ali\u00e9nor","article_publisher":"https:\/\/www.facebook.com\/chudepoitiers","article_modified_time":"2021-08-23T09:55:40+00:00","og_image":[{"url":"https:\/\/www.fonds-alienor.fr\/wp-content\/uploads\/2020\/03\/texereau_severine_2-1024x621-2-e1584526391943-232x300.jpg","type":"","width":"","height":""}],"twitter_card":"summary_large_image","twitter_site":"@CHU_de_Poitiers","twitter_misc":{"Est. reading time":"10 minutes"},"schema":{"@context":"https:\/\/schema.org","@graph":[{"@type":"WebPage","@id":"https:\/\/www.fonds-alienor.fr\/en\/nos-chercheurs\/","url":"https:\/\/www.fonds-alienor.fr\/en\/nos-chercheurs\/","name":"Our researchers - Fonds Ali\u00e9nor","isPartOf":{"@id":"https:\/\/www.fonds-alienor.fr\/en\/#website"},"primaryImageOfPage":{"@id":"https:\/\/www.fonds-alienor.fr\/en\/nos-chercheurs\/#primaryimage"},"image":{"@id":"https:\/\/www.fonds-alienor.fr\/en\/nos-chercheurs\/#primaryimage"},"thumbnailUrl":"https:\/\/www.fonds-alienor.fr\/wp-content\/uploads\/2020\/03\/texereau_severine_2-1024x621-2-e1584526391943-232x300.jpg","datePublished":"2016-09-13T12:11:53+00:00","dateModified":"2021-08-23T09:55:40+00:00","breadcrumb":{"@id":"https:\/\/www.fonds-alienor.fr\/en\/nos-chercheurs\/#breadcrumb"},"inLanguage":"en-US","potentialAction":[{"@type":"ReadAction","target":["https:\/\/www.fonds-alienor.fr\/en\/nos-chercheurs\/"]}]},{"@type":"ImageObject","inLanguage":"en-US","@id":"https:\/\/www.fonds-alienor.fr\/en\/nos-chercheurs\/#primaryimage","url":"https:\/\/www.fonds-alienor.fr\/wp-content\/uploads\/2020\/03\/texereau_severine_2-1024x621-2-e1584526391943-232x300.jpg","contentUrl":"https:\/\/www.fonds-alienor.fr\/wp-content\/uploads\/2020\/03\/texereau_severine_2-1024x621-2-e1584526391943-232x300.jpg"},{"@type":"BreadcrumbList","@id":"https:\/\/www.fonds-alienor.fr\/en\/nos-chercheurs\/#breadcrumb","itemListElement":[{"@type":"ListItem","position":1,"name":"Accueil","item":"https:\/\/www.fonds-alienor.fr\/en\/"},{"@type":"ListItem","position":2,"name":"Our researchers"}]},{"@type":"WebSite","@id":"https:\/\/www.fonds-alienor.fr\/en\/#website","url":"https:\/\/www.fonds-alienor.fr\/en\/","name":"Fonds Ali\u00e9nor","description":"Emmenons la recherche m\u00e9dicale","publisher":{"@id":"https:\/\/www.fonds-alienor.fr\/en\/#organization"},"potentialAction":[{"@type":"SearchAction","target":{"@type":"EntryPoint","urlTemplate":"https:\/\/www.fonds-alienor.fr\/en\/?s={search_term_string}"},"query-input":{"@type":"PropertyValueSpecification","valueRequired":true,"valueName":"search_term_string"}}],"inLanguage":"en-US"},{"@type":"Organization","@id":"https:\/\/www.fonds-alienor.fr\/en\/#organization","name":"Fonds Ali\u00e9nor du CHU de Poitiers","url":"https:\/\/www.fonds-alienor.fr\/en\/","logo":{"@type":"ImageObject","inLanguage":"en-US","@id":"https:\/\/www.fonds-alienor.fr\/en\/#\/schema\/logo\/image\/","url":"https:\/\/www.fonds-alienor.fr\/wp-content\/uploads\/2025\/10\/logo_114px.png","contentUrl":"https:\/\/www.fonds-alienor.fr\/wp-content\/uploads\/2025\/10\/logo_114px.png","width":114,"height":114,"caption":"Fonds Ali\u00e9nor du CHU de Poitiers"},"image":{"@id":"https:\/\/www.fonds-alienor.fr\/en\/#\/schema\/logo\/image\/"},"sameAs":["https:\/\/www.facebook.com\/chudepoitiers","https:\/\/x.com\/CHU_de_Poitiers","https:\/\/www.linkedin.com\/company\/chu-poitiers?trk=company_logo","https:\/\/www.youtube.com\/channel\/UCPpTSqyLsR5a-hXJA7zZ6cA"]}]}},"_links":{"self":[{"href":"https:\/\/www.fonds-alienor.fr\/en\/wp-json\/wp\/v2\/pages\/2630","targetHints":{"allow":["GET"]}}],"collection":[{"href":"https:\/\/www.fonds-alienor.fr\/en\/wp-json\/wp\/v2\/pages"}],"about":[{"href":"https:\/\/www.fonds-alienor.fr\/en\/wp-json\/wp\/v2\/types\/page"}],"author":[{"embeddable":true,"href":"https:\/\/www.fonds-alienor.fr\/en\/wp-json\/wp\/v2\/users\/13"}],"replies":[{"embeddable":true,"href":"https:\/\/www.fonds-alienor.fr\/en\/wp-json\/wp\/v2\/comments?post=2630"}],"version-history":[{"count":4,"href":"https:\/\/www.fonds-alienor.fr\/en\/wp-json\/wp\/v2\/pages\/2630\/revisions"}],"predecessor-version":[{"id":4951,"href":"https:\/\/www.fonds-alienor.fr\/en\/wp-json\/wp\/v2\/pages\/2630\/revisions\/4951"}],"wp:attachment":[{"href":"https:\/\/www.fonds-alienor.fr\/en\/wp-json\/wp\/v2\/media?parent=2630"}],"curies":[{"name":"wp","href":"https:\/\/api.w.org\/{rel}","templated":true}]}}